{"id":5,"date":"2024-09-30T15:38:50","date_gmt":"2024-09-30T13:38:50","guid":{"rendered":"https:\/\/fablab.empress.smarthost.pl\/index.php\/strona-glowna\/"},"modified":"2026-04-27T15:19:37","modified_gmt":"2026-04-27T13:19:37","slug":"artlab-2","status":"publish","type":"page","link":"https:\/\/synergia.warszawa.pl\/artlab\/","title":{"rendered":"Strona g\u0142\u00f3wna"},"content":{"rendered":"\n<section aria-labelledby=\"page-header-section-heading-69f4fd2775daf\" class=\"page-header-section alignfull section-margin-bottom--small full-window-height-element flex flex-col gap-clamp-24\">\n\n    <div class=\"relative flex items-center flex-grow \">\n\n        \n            \n\t\n\t\t\n\t\t\t\n\t<figure class=\"overflow-hidden absolute inset-0 size-full bg-neutral-500 overflow-hidden [&#038;_img]:size-full [&#038;_img]:object-cover before:content-[''] before:absolute before:inset-0 before:bg-gradient-1 before:pointer-events-none before:z-10\">\n\n\t\t\n\t\t\t\t\t\t\t\t\t\n\t\t\t<img fetchpriority=\"high\" decoding=\"async\" src=\"https:\/\/synergia.warszawa.pl\/artlab\/wp-content\/uploads\/2025\/02\/Baner.png\" srcset=\"https:\/\/synergia.warszawa.pl\/artlab\/wp-content\/uploads\/2025\/02\/Baner.png 3000w, https:\/\/synergia.warszawa.pl\/artlab\/wp-content\/uploads\/2025\/02\/Baner-300x112.png 300w, https:\/\/synergia.warszawa.pl\/artlab\/wp-content\/uploads\/2025\/02\/Baner-1024x381.png 1024w, https:\/\/synergia.warszawa.pl\/artlab\/wp-content\/uploads\/2025\/02\/Baner-768x285.png 768w, https:\/\/synergia.warszawa.pl\/artlab\/wp-content\/uploads\/2025\/02\/Baner-1536x571.png 1536w, https:\/\/synergia.warszawa.pl\/artlab\/wp-content\/uploads\/2025\/02\/Baner-2048x761.png 2048w, https:\/\/synergia.warszawa.pl\/artlab\/wp-content\/uploads\/2025\/02\/Baner-500x186.png 500w\" sizes=\"(max-width: 3000px) 100vw, 3000px\" alt=\"\" class=\"h-full w-full object-cover\" width=\"3000\" height=\"1115\"  loading=\"eager\" \/>\n\n\t\t\n\t<\/figure>\n\n\n\t\t\n\t\n\n        \n        <div class=\"container container--with-padding relative z-20\">\n\n            <div class=\"page-header-section__content flex flex-col gap-clamp-8 text-neutral-50\">\n\n                \n                    <p class=\"label font-medium\">Rozwijaj swoj\u0105 pasj\u0119!<\/p>\n\n                \n                \n    <h1  id=\"page-header-section-heading-69f4fd2775daf\"  class=\"  font-bold lg:max-w-[72%] \">\n\n            ArtLab &#8211; przestrze\u0144 dla Twojej kreatywno\u015bci\n\n    <\/h1>\n\n\n            <\/div>\n\n        <\/div>\n\n    <\/div>\n\n<\/section>\n\n\n\n<div id=\"about\" class=\"wp-block-group\"><div class=\"wp-block-group__inner-container is-layout-constrained wp-block-group-is-layout-constrained\">\n<section aria-labelledby=\"section-with-text-in-columns-heading-69f4fd277eab7\" class=\"section-with-text-in-columns alignfull mb-clamp-104\">\n    <div class=\"container px-12 md:px-32 lg:px-107\">\n                    <p class=\"label text-neutral-800 font-medium mb-clamp-32\">ArtLab to&#8230;<\/p>\n        \n                    \n    <h2  id=\"section-with-text-in-columns-heading-69f4fd277eab7\"  class=\"h3  font-bold \">\n\n            Miejsce, gdzie mieszka\u0144cy Warszawy mog\u0105 rozwija\u0107 swoje talenty artystyczne\n\n    <\/h2>\n\n        \n                    <div class=\"grid grid-cols-1 xl:grid-cols-[45rem_47rem] gap-y-32 gap-x-130 mt-clamp-80\">\n                                    <div class=\"section-with-text-in-columns__wysiwyg paragraph--l\"><p><span style=\"color: #616467;\">ArtLab powsta\u0142 z pasji do sztuki i rzemios\u0142a artystycznego. To tutaj mieszka\u0144cy Warszawy w trakcie bezp\u0142atnych zaj\u0119\u0107 mog\u0105 spr\u00f3bowa\u0107 swoich si\u0142 podczas licznych warsztat\u00f3w tematycznych. Pod okiem do\u015bwiadczonego instruktora dzieci oraz doro\u015bli mog\u0105 ulepi\u0107 swoj\u0105 pierwsz\u0105 ceramiczn\u0105 misk\u0119, wykona\u0107 linoryt, myde\u0142ko, nauczy\u0107 si\u0119 malowa\u0107 akwarelami, wyhaftowa\u0107 poduszk\u0119 lub zrobi\u0107 makramowy kwietnik.<\/span><\/p>\n<\/div>\n                \n                                    <div class=\"section-with-text-in-columns__wysiwyg paragraph--l\"><p><span style=\"color: #616467;\">R\u00f3\u017cnorodno\u015b\u0107 zaj\u0119\u0107 daje mo\u017cliwo\u015b\u0107 odkrycia nowych technik oraz tw\u00f3rczego rozwoju. Nasz\u0105 pracowni\u0119 tworz\u0105 osoby, kt\u00f3rej swoje hobby zamieni\u0142y w prac\u0119 i pragn\u0105 dzieli\u0107 si\u0119 swoim do\u015bwiadczeniem z kolejnymi mi\u0142o\u015bnikami kreatywnego sp\u0119dzania czasu.<\/span><\/p>\n<p>&nbsp;<\/p>\n<p><span style=\"color: #616467;\">W ArtLabie mamy 12 stanowisk do pracy, piece do wypa\u0142u ceramiki oraz kreatywne zaplecze, kt\u00f3re daje mo\u017cliwo\u015b\u0107 tworzenia wspania\u0142ych prac. W pracowni panuje przyjazna atmosfera, kt\u00f3ra sprzyja stworzeniu swojego pierwszego ma\u0142ego dzie\u0142a sztuki lub kontynuowania przygody z pracami manualnymi.<\/span><\/p>\n<\/div>\n                            <\/div>\n            <\/div>\n<\/section>\n<\/div><\/div>\n\n\n\n    <section class=\"banner alignfull mb-clamp-180\">\n        <div class=\"container\">\n                            <div class=\"hidden invisible md:block md:visible\">\n                    \n\t\n\t\t\n\t\t\t\n\t<figure class=\"overflow-hidden \">\n\n\t\t\n\t\t\t\t\t\t\t\t\t\n\t\t\t<img decoding=\"async\" src=\"https:\/\/synergia.warszawa.pl\/artlab\/wp-content\/uploads\/2025\/01\/artlab-banner1-edited.jpg\" srcset=\"https:\/\/synergia.warszawa.pl\/artlab\/wp-content\/uploads\/2025\/01\/artlab-banner1-edited.jpg 1264w, https:\/\/synergia.warszawa.pl\/artlab\/wp-content\/uploads\/2025\/01\/artlab-banner1-edited-300x123.jpg 300w, https:\/\/synergia.warszawa.pl\/artlab\/wp-content\/uploads\/2025\/01\/artlab-banner1-edited-1024x421.jpg 1024w, https:\/\/synergia.warszawa.pl\/artlab\/wp-content\/uploads\/2025\/01\/artlab-banner1-edited-768x316.jpg 768w, https:\/\/synergia.warszawa.pl\/artlab\/wp-content\/uploads\/2025\/01\/artlab-banner1-edited-500x206.jpg 500w\" sizes=\"auto, (max-width: 1264px) 100vw, 1264px\" alt=\"\" class=\"h-full w-full object-cover\" width=\"1264\" height=\"520\"  loading=\"lazy\" \/>\n\n\t\t\n\t<\/figure>\n\n\n\t\t\n\t\n                <\/div>\n            \n                            <div class=\"md:hidden md:invisible\">\n                    \n\t\n\t\t\n\t\t\t\n\t<figure class=\"overflow-hidden \">\n\n\t\t\n\t\t\t\t\t\t\t\t\t\n\t\t\t<img decoding=\"async\" src=\"https:\/\/synergia.warszawa.pl\/artlab\/wp-content\/uploads\/2025\/01\/artlab-banner1-mobile-edited.jpg\" srcset=\"https:\/\/synergia.warszawa.pl\/artlab\/wp-content\/uploads\/2025\/01\/artlab-banner1-mobile-edited.jpg 450w, https:\/\/synergia.warszawa.pl\/artlab\/wp-content\/uploads\/2025\/01\/artlab-banner1-mobile-edited-229x300.jpg 229w\" sizes=\"auto, (max-width: 450px) 100vw, 450px\" alt=\"\" class=\"h-full w-full object-cover\" width=\"450\" height=\"590\"  loading=\"lazy\" \/>\n\n\t\t\n\t<\/figure>\n\n\n\t\t\n\t\n                <\/div>\n                    <\/div>\n    <\/section>\n\n\n\n\n<div id=\"workshops\" class=\"wp-block-group\"><div class=\"wp-block-group__inner-container is-layout-constrained wp-block-group-is-layout-constrained\">        \n    <section aria-labelledby=\"workshops-heading-69f4fd2785911\" class=\"workshops alignfull mb-clamp-180\">\n        <div class=\"container\">\n\n            <div class=\"px-12 md:px-32\">\n                <p class=\"label--small text-neutral-800 font-medium\">Sprawd\u017a<\/p>\n\n                \n    <h2  id=\"workshops-heading-69f4fd2785911\"  class=\"  font-bold \">\n\n            Nasze warsztaty\n\n    <\/h2>\n\n            <\/div>\n\n            <div class=\"grid grid-cols-1 lg:grid-cols-2 xl:grid-cols-3 gap-24 lg:gap-y-64 mt-clamp-56\">\n                                    <div>\n                                                                                <figure class=\"h-[25rem] lg:h-[37.3rem] relative\">\n                                <img decoding=\"async\" src=\"https:\/\/synergia.warszawa.pl\/artlab\/wp-content\/uploads\/2025\/01\/ceramika-zajecia-768x1024.jpg\" alt=\"Ceramika\" loading=\"lazy\" class=\"h-full w-full object-cover\" \/>\n\n                                                            <\/figure>\n                        \n                        <div class=\"workshop__info relative z-10 ml-38 -mt-68 lg:-mt-80 bg-white border-b border-neutral-100 pr-12 pl-24 py-24 md:px-32\">\n                            <strong class=\"workshop__name h5\">Ceramika<\/strong>\n                            <div class=\"workshop__description mt-24\">Razem z nami odkryjesz postawy ceramiki i stworzysz sw\u00f3j kubek, miseczk\u0119 lub kwiatowy talerz. Wsp\u00f3lnie odkryjemy techniki, kt\u00f3re dadz\u0105 niepowtarzalny efekt oraz sprawi\u0105 du\u017co rado\u015bci. Do zobaczenia podczas wa\u0142kowania!<\/div>\n\n                                                    <\/div>\n                    <\/div>\n                                    <div>\n                                                                                <figure class=\"h-[25rem] lg:h-[37.3rem] relative\">\n                                <img decoding=\"async\" src=\"https:\/\/synergia.warszawa.pl\/artlab\/wp-content\/uploads\/2024\/11\/grafika-768x1152.webp\" alt=\"Grafika\" loading=\"lazy\" class=\"h-full w-full object-cover\" \/>\n\n                                                            <\/figure>\n                        \n                        <div class=\"workshop__info relative z-10 ml-38 -mt-68 lg:-mt-80 bg-white border-b border-neutral-100 pr-12 pl-24 py-24 md:px-32\">\n                            <strong class=\"workshop__name h5\">Grafika<\/strong>\n                            <div class=\"workshop__description mt-24\">Czy wiecie co to jest linoryt? Do czego mo\u017ce si\u0119 przyda\u0107 lakier do w\u0142os\u00f3w? Jakie cuda mo\u017cna zrobi\u0107 za pomoc\u0105 d\u0142utka? W ArtLabie prze\u017cyjecie niezwyk\u0142\u0105 przygod\u0119 podczas, kt\u00f3rej odkryjecie sw\u00f3j ulubiony styl oraz b\u0119dziecie doskonali\u0107 warsztat pracy.<\/div>\n\n                                                    <\/div>\n                    <\/div>\n                                    <div>\n                                                                                <figure class=\"h-[25rem] lg:h-[37.3rem] relative\">\n                                <img decoding=\"async\" src=\"https:\/\/synergia.warszawa.pl\/artlab\/wp-content\/uploads\/2024\/11\/mydelka-768x1151.webp\" alt=\"Myde\u0142ka\" loading=\"lazy\" class=\"h-full w-full object-cover\" \/>\n\n                                                            <\/figure>\n                        \n                        <div class=\"workshop__info relative z-10 ml-38 -mt-68 lg:-mt-80 bg-white border-b border-neutral-100 pr-12 pl-24 py-24 md:px-32\">\n                            <strong class=\"workshop__name h5\">Myde\u0142ka<\/strong>\n                            <div class=\"workshop__description mt-24\">Kolorowe, pachn\u0105ce lawend\u0105 i wype\u0142nione p\u0142atkami kwiat\u00f3w! Takie s\u0105 nasze domowe myde\u0142ka. Idealnie sprawdz\u0105 si\u0119 jako kolorowy dodatek do \u0142azienki lub pachn\u0105ca zawieszka do szafy. Do zrobienia myde\u0142ek u\u017cywamy specjalistycznych produkt\u00f3w mydlarskich.<\/div>\n\n                                                    <\/div>\n                    <\/div>\n                                    <div>\n                                                                                <figure class=\"h-[25rem] lg:h-[37.3rem] relative\">\n                                <img decoding=\"async\" src=\"https:\/\/synergia.warszawa.pl\/artlab\/wp-content\/uploads\/2024\/11\/swiece-768x1024.webp\" alt=\"\u015awiece sojowe\" loading=\"lazy\" class=\"h-full w-full object-cover\" \/>\n\n                                                            <\/figure>\n                        \n                        <div class=\"workshop__info relative z-10 ml-38 -mt-68 lg:-mt-80 bg-white border-b border-neutral-100 pr-12 pl-24 py-24 md:px-32\">\n                            <strong class=\"workshop__name h5\">\u015awiece sojowe<\/strong>\n                            <div class=\"workshop__description mt-24\">Pachn\u0105ce lasem, kwiatami lub s\u0142odk\u0105 czekolad\u0105. \u015awiece mo\u017cna skomponowa\u0107 w\u00a0 eleganckim br\u0105zowym s\u0142oiczku lub przezroczystym, kt\u00f3ry podkre\u015bli barwiony wosk. Nastrojowa dekoracja domu b\u0119dzie cieszy\u0142a nie tylko oko ale r\u00f3wnie\u017c mo\u017ce stanowi\u0107 oryginalny prezent.<\/div>\n\n                                                    <\/div>\n                    <\/div>\n                                    <div>\n                                                                                <figure class=\"h-[25rem] lg:h-[37.3rem] relative\">\n                                <img decoding=\"async\" src=\"https:\/\/synergia.warszawa.pl\/artlab\/wp-content\/uploads\/2024\/11\/kredki-768x1024.webp\" alt=\"Kredki sojowe\" loading=\"lazy\" class=\"h-full w-full object-cover\" \/>\n\n                                                            <\/figure>\n                        \n                        <div class=\"workshop__info relative z-10 ml-38 -mt-68 lg:-mt-80 bg-white border-b border-neutral-100 pr-12 pl-24 py-24 md:px-32\">\n                            <strong class=\"workshop__name h5\">Kredki sojowe<\/strong>\n                            <div class=\"workshop__description mt-24\">Chod\u017a pomaluj m\u00f3j \u015bwiat! Ale najpierw zr\u00f3b kredki \u015bwiecowe z wosku sojowego w wymarzonym przez siebie kolorze. Nasze kredki idealnie sprawdzaj\u0105 si\u0119 do malowania i kolorowania. Testowali\u015bmy!<\/div>\n\n                                                    <\/div>\n                    <\/div>\n                                    <div>\n                                                                                <figure class=\"h-[25rem] lg:h-[37.3rem] relative\">\n                                <img decoding=\"async\" src=\"https:\/\/synergia.warszawa.pl\/artlab\/wp-content\/uploads\/2024\/11\/malowanie-768x1023.webp\" alt=\"Malowanie na tkaninie\" loading=\"lazy\" class=\"h-full w-full object-cover\" \/>\n\n                                                            <\/figure>\n                        \n                        <div class=\"workshop__info relative z-10 ml-38 -mt-68 lg:-mt-80 bg-white border-b border-neutral-100 pr-12 pl-24 py-24 md:px-32\">\n                            <strong class=\"workshop__name h5\">Malowanie na tkaninie<\/strong>\n                            <div class=\"workshop__description mt-24\">B\u0105d\u017amy Eco i no\u015bmy bawe\u0142niane torby na zakupy oraz organizery do plecaka lub torebki! Oczywi\u015bcie pi\u0119knie ozdobione. Do wykonania wymarzonego wzoru b\u0119dziemy u\u017cywa\u0107 specjalnych farb do tkanin. Po wykonaniu oraz wysuszeniu wzoru zostanie on zaprasowany dzi\u0119ki czemu stanie si\u0119 odporny na wod\u0119 oraz pranie.<\/div>\n\n                                                    <\/div>\n                    <\/div>\n                                    <div>\n                                                                                <figure class=\"h-[25rem] lg:h-[37.3rem] relative\">\n                                <img decoding=\"async\" src=\"https:\/\/synergia.warszawa.pl\/artlab\/wp-content\/uploads\/2024\/11\/malarstwo-768x1024.webp\" alt=\"Malarstwo\" loading=\"lazy\" class=\"h-full w-full object-cover\" \/>\n\n                                                            <\/figure>\n                        \n                        <div class=\"workshop__info relative z-10 ml-38 -mt-68 lg:-mt-80 bg-white border-b border-neutral-100 pr-12 pl-24 py-24 md:px-32\">\n                            <strong class=\"workshop__name h5\">Malarstwo<\/strong>\n                            <div class=\"workshop__description mt-24\">P\u0119dzle i farby id\u0105 w ruch. Na nauk\u0119 malarstwa nigdy nie jest za p\u00f3\u017ano. Akwarele i akryle daj\u0105 szereg wspania\u0142ych mo\u017cliwo\u015bci artystycznych, kt\u00f3re powinien odkry\u0107 ka\u017cdy pocz\u0105tkuj\u0105cy artysta.<\/div>\n\n                                                    <\/div>\n                    <\/div>\n                                    <div>\n                                                                                <figure class=\"h-[25rem] lg:h-[37.3rem] relative\">\n                                <img decoding=\"async\" src=\"https:\/\/synergia.warszawa.pl\/artlab\/wp-content\/uploads\/2024\/11\/ebru-768x1024.webp\" alt=\"EBRU\" loading=\"lazy\" class=\"h-full w-full object-cover\" \/>\n\n                                                            <\/figure>\n                        \n                        <div class=\"workshop__info relative z-10 ml-38 -mt-68 lg:-mt-80 bg-white border-b border-neutral-100 pr-12 pl-24 py-24 md:px-32\">\n                            <strong class=\"workshop__name h5\">EBRU<\/strong>\n                            <div class=\"workshop__description mt-24\">Ebru to tradycyjna turecka sztuka zdobienia, kt\u00f3ra polega na przeniesieniu na papier wzor\u00f3w tworzonych na wodzie. Do tworzenia malowide\u0142 u\u017cywamy specjalnych farb, grzebieni oraz patyczk\u00f3w.<\/div>\n\n                                                    <\/div>\n                    <\/div>\n                                    <div>\n                                                                                <figure class=\"h-[25rem] lg:h-[37.3rem] relative\">\n                                <img decoding=\"async\" src=\"https:\/\/synergia.warszawa.pl\/artlab\/wp-content\/uploads\/2024\/11\/witraz-768x960.webp\" alt=\"Witra\u017c\" loading=\"lazy\" class=\"h-full w-full object-cover\" \/>\n\n                                                            <\/figure>\n                        \n                        <div class=\"workshop__info relative z-10 ml-38 -mt-68 lg:-mt-80 bg-white border-b border-neutral-100 pr-12 pl-24 py-24 md:px-32\">\n                            <strong class=\"workshop__name h5\">Witra\u017c<\/strong>\n                            <div class=\"workshop__description mt-24\">Podczas warsztat\u00f3w ka\u017cdy uczestnik namaluje specjalnymi farbami obrazek, kt\u00f3ry b\u0119dzie m\u00f3g\u0142 przenie\u015b\u0107 na dowoln\u0105 szklan\u0105 powierzchni\u0119. Dla uczestnik\u00f3w b\u0119d\u0105 czeka\u0142y szablony, kt\u00f3re pomog\u0105 w uzyskaniu efektownej pracy prosto z miejskiej galerii.<\/div>\n\n                                                    <\/div>\n                    <\/div>\n                                    <div>\n                                                                                <figure class=\"h-[25rem] lg:h-[37.3rem] relative\">\n                                <img decoding=\"async\" src=\"https:\/\/synergia.warszawa.pl\/artlab\/wp-content\/uploads\/2024\/11\/haft-768x1024.webp\" alt=\"Haft i szycie\" loading=\"lazy\" class=\"h-full w-full object-cover\" \/>\n\n                                                            <\/figure>\n                        \n                        <div class=\"workshop__info relative z-10 ml-38 -mt-68 lg:-mt-80 bg-white border-b border-neutral-100 pr-12 pl-24 py-24 md:px-32\">\n                            <strong class=\"workshop__name h5\">Haft i szycie<\/strong>\n                            <div class=\"workshop__description mt-24\">Ig\u0142a, mulina i tamborek p\u00f3jd\u0105 w ruch! Razem z nami wkroczycie w \u015bwiat haftu i szycia. Podczas zaj\u0119\u0107 uczestnicy poznaj\u0105 podstawowe \u015bciegi hafciarskie, kt\u00f3re b\u0119d\u0105 mogli u\u017cy\u0107 do stworzenia w\u0142asnego obrazka na tamborku lub na przyniesionej rzeczy np. plecaku, d\u017cinsowej kurtce, materia\u0142owej torbie itp. Wsp\u00f3lnie stworzymy te\u017c filcowe zabawki i proste formy u\u017cytkowe. Zaawansowani b\u0119d\u0105 mogli spr\u00f3bowa\u0107 swoich si\u0142 w technice punchneedle.<\/div>\n\n                                                    <\/div>\n                    <\/div>\n                                    <div>\n                                                                                <figure class=\"h-[25rem] lg:h-[37.3rem] relative\">\n                                <img decoding=\"async\" src=\"https:\/\/synergia.warszawa.pl\/artlab\/wp-content\/uploads\/2024\/11\/makrama-768x1151.webp\" alt=\"Makrama\" loading=\"lazy\" class=\"h-full w-full object-cover\" \/>\n\n                                                            <\/figure>\n                        \n                        <div class=\"workshop__info relative z-10 ml-38 -mt-68 lg:-mt-80 bg-white border-b border-neutral-100 pr-12 pl-24 py-24 md:px-32\">\n                            <strong class=\"workshop__name h5\">Makrama<\/strong>\n                            <div class=\"workshop__description mt-24\">Ta niezwyk\u0142a technika wi\u0105zania sznurk\u00f3w przysz\u0142a do nas ze staro\u017cytnej Asyrii i Babilonii. Podczas warsztat\u00f3w wsp\u00f3lnie wykonamy wybrane dekoracje takie jak makramy \u015bcienne, \u0142apacze sn\u00f3w, laleczki, breloczki czy kwietniki.<\/div>\n\n                                                    <\/div>\n                    <\/div>\n                                    <div>\n                                                                                <figure class=\"h-[25rem] lg:h-[37.3rem] relative\">\n                                <img decoding=\"async\" src=\"https:\/\/synergia.warszawa.pl\/artlab\/wp-content\/uploads\/2024\/11\/diy-768x1024.webp\" alt=\"DIY - Zr\u00f3b to sam!\" loading=\"lazy\" class=\"h-full w-full object-cover\" \/>\n\n                                                            <\/figure>\n                        \n                        <div class=\"workshop__info relative z-10 ml-38 -mt-68 lg:-mt-80 bg-white border-b border-neutral-100 pr-12 pl-24 py-24 md:px-32\">\n                            <strong class=\"workshop__name h5\">DIY &#8211; Zr\u00f3b to sam!<\/strong>\n                            <div class=\"workshop__description mt-24\">Do czego mo\u017ce si\u0119 przyda\u0107 garstka kapsli albo stary s\u0142oik? Wsp\u00f3lnie stworzymy kolorowe \u0142apacze sn\u00f3w, miasteczko z drewnianymi domkami, papierowe balony oraz instrumenty, kt\u00f3re przenios\u0105 nas w \u015bwiat muzyki! Z kawa\u0142ka drewna, kolorowych farb i wst\u0105\u017cek mo\u017ce powsta\u0107 niezwyk\u0142a dekoracja \u015bcienna albo choinkowa ozdoba. Przekonacie si\u0119 sami!<\/div>\n\n                                                    <\/div>\n                    <\/div>\n                            <\/div>\n        <\/div>\n    <\/section>\n\n<\/div><\/div>\n\n\n\n    <section class=\"banner alignfull mb-clamp-180\">\n        <div class=\"container\">\n                            <div class=\"hidden invisible md:block md:visible\">\n                    \n\t\n\t\t\n\t\t\t\n\t<figure class=\"overflow-hidden \">\n\n\t\t\n\t\t\t\t\t\t\t\t\t\n\t\t\t<img decoding=\"async\" src=\"https:\/\/synergia.warszawa.pl\/artlab\/wp-content\/uploads\/2024\/11\/banner_tworczosc_kreatywnosc_pasja.webp\" srcset=\"https:\/\/synergia.warszawa.pl\/artlab\/wp-content\/uploads\/2024\/11\/banner_tworczosc_kreatywnosc_pasja.webp 1264w, https:\/\/synergia.warszawa.pl\/artlab\/wp-content\/uploads\/2024\/11\/banner_tworczosc_kreatywnosc_pasja-300x88.webp 300w, https:\/\/synergia.warszawa.pl\/artlab\/wp-content\/uploads\/2024\/11\/banner_tworczosc_kreatywnosc_pasja-1024x300.webp 1024w, https:\/\/synergia.warszawa.pl\/artlab\/wp-content\/uploads\/2024\/11\/banner_tworczosc_kreatywnosc_pasja-768x225.webp 768w, https:\/\/synergia.warszawa.pl\/artlab\/wp-content\/uploads\/2024\/11\/banner_tworczosc_kreatywnosc_pasja-500x146.webp 500w\" sizes=\"auto, (max-width: 1264px) 100vw, 1264px\" alt=\"\" class=\"h-full w-full object-cover\" width=\"1264\" height=\"370\"  loading=\"lazy\" \/>\n\n\t\t\n\t<\/figure>\n\n\n\t\t\n\t\n                <\/div>\n            \n                            <div class=\"md:hidden md:invisible\">\n                    \n\t\n\t\t\n\t\t\t\n\t<figure class=\"overflow-hidden \">\n\n\t\t\n\t\t\t\t\t\t\t\t\t\n\t\t\t<img decoding=\"async\" src=\"https:\/\/synergia.warszawa.pl\/artlab\/wp-content\/uploads\/2024\/11\/banner_tworczosc_kreatywnosc_pasja_mobile.webp\" srcset=\"https:\/\/synergia.warszawa.pl\/artlab\/wp-content\/uploads\/2024\/11\/banner_tworczosc_kreatywnosc_pasja_mobile.webp 450w, https:\/\/synergia.warszawa.pl\/artlab\/wp-content\/uploads\/2024\/11\/banner_tworczosc_kreatywnosc_pasja_mobile-300x277.webp 300w\" sizes=\"auto, (max-width: 450px) 100vw, 450px\" alt=\"\" class=\"h-full w-full object-cover\" width=\"450\" height=\"416\"  loading=\"lazy\" \/>\n\n\t\t\n\t<\/figure>\n\n\n\t\t\n\t\n                <\/div>\n                    <\/div>\n    <\/section>\n\n\n\n\n<div id=\"gallery\" class=\"wp-block-group\"><div class=\"wp-block-group__inner-container is-layout-constrained wp-block-group-is-layout-constrained\">\n    \n    <section aria-labelledby=\"gallery-section-heading-\" class=\"gallery alignfull pb-clamp-180\">\n        <div class=\"container\">\n            <div class=\"flex flex-col justify-center container !w-fit !mx-auto gap-clamp-16\">\n                <p class=\"label--small text-neutral-800 font-medium\">Przegl\u0105daj<\/p>\n\n                \n    <h2  id=\"gallery-section-heading-\"  class=\"   font-bold\">\n\n            Galeria zdj\u0119\u0107\n\n    <\/h2>\n\n            <\/div>\n\n            <div class=\"mt-clamp-64\">\n                <div class=\"splide\" data-gallery-id=\"gallery2053367641\">\n                    <div class=\"splide__track\">\n                        <ul class=\"splide__list\">\n                                                                                            <li class=\"splide__slide\">\n                                    <a href=\"https:\/\/synergia.warszawa.pl\/artlab\/wp-content\/uploads\/2024\/11\/artlab_gallery_1.webp\" data-fslightbox=\"gallery2053367641\" class=\"cursor-pointer h-full w-full\">\n                                        <img decoding=\"async\" src=\"https:\/\/synergia.warszawa.pl\/artlab\/wp-content\/uploads\/2024\/11\/artlab_gallery_1-768x1024.webp\" alt=\"galeria\" class=\"h-full w-full object-cover object-center\" \/>\n                                    <\/a>\n                                <\/li>\n                                                                                            <li class=\"splide__slide\">\n                                    <a href=\"https:\/\/synergia.warszawa.pl\/artlab\/wp-content\/uploads\/2024\/11\/artlab_gallery_2.webp\" data-fslightbox=\"gallery2053367641\" class=\"cursor-pointer h-full w-full\">\n                                        <img decoding=\"async\" src=\"https:\/\/synergia.warszawa.pl\/artlab\/wp-content\/uploads\/2024\/11\/artlab_gallery_2-768x1152.webp\" alt=\"galeria\" class=\"h-full w-full object-cover object-center\" \/>\n                                    <\/a>\n                                <\/li>\n                                                                                            <li class=\"splide__slide\">\n                                    <a href=\"https:\/\/synergia.warszawa.pl\/artlab\/wp-content\/uploads\/2024\/11\/artlab_gallery_3.webp\" data-fslightbox=\"gallery2053367641\" class=\"cursor-pointer h-full w-full\">\n                                        <img decoding=\"async\" src=\"https:\/\/synergia.warszawa.pl\/artlab\/wp-content\/uploads\/2024\/11\/artlab_gallery_3-768x942.webp\" alt=\"galeria\" class=\"h-full w-full object-cover object-center\" \/>\n                                    <\/a>\n                                <\/li>\n                                                                                            <li class=\"splide__slide\">\n                                    <a href=\"https:\/\/synergia.warszawa.pl\/artlab\/wp-content\/uploads\/2024\/11\/artlab_gallery_4.webp\" data-fslightbox=\"gallery2053367641\" class=\"cursor-pointer h-full w-full\">\n                                        <img decoding=\"async\" src=\"https:\/\/synergia.warszawa.pl\/artlab\/wp-content\/uploads\/2024\/11\/artlab_gallery_4-768x1024.webp\" alt=\"galeria\" class=\"h-full w-full object-cover object-center\" \/>\n                                    <\/a>\n                                <\/li>\n                                                                                            <li class=\"splide__slide\">\n                                    <a href=\"https:\/\/synergia.warszawa.pl\/artlab\/wp-content\/uploads\/2025\/01\/451641911_466983326085304_3793335756711488653_n.jpg\" data-fslightbox=\"gallery2053367641\" class=\"cursor-pointer h-full w-full\">\n                                        <img decoding=\"async\" src=\"https:\/\/synergia.warszawa.pl\/artlab\/wp-content\/uploads\/2025\/01\/451641911_466983326085304_3793335756711488653_n-768x1024.jpg\" alt=\"galeria\" class=\"h-full w-full object-cover object-center\" \/>\n                                    <\/a>\n                                <\/li>\n                                                                                            <li class=\"splide__slide\">\n                                    <a href=\"https:\/\/synergia.warszawa.pl\/artlab\/wp-content\/uploads\/2025\/01\/448947867_454590533991250_5643701056737731505_n.jpg\" data-fslightbox=\"gallery2053367641\" class=\"cursor-pointer h-full w-full\">\n                                        <img decoding=\"async\" src=\"https:\/\/synergia.warszawa.pl\/artlab\/wp-content\/uploads\/2025\/01\/448947867_454590533991250_5643701056737731505_n-768x576.jpg\" alt=\"galeria\" class=\"h-full w-full object-cover object-center\" \/>\n                                    <\/a>\n                                <\/li>\n                                                                                            <li class=\"splide__slide\">\n                                    <a href=\"https:\/\/synergia.warszawa.pl\/artlab\/wp-content\/uploads\/2025\/01\/431177802_386290717487899_4522879657879097360_n.jpg\" data-fslightbox=\"gallery2053367641\" class=\"cursor-pointer h-full w-full\">\n                                        <img decoding=\"async\" src=\"https:\/\/synergia.warszawa.pl\/artlab\/wp-content\/uploads\/2025\/01\/431177802_386290717487899_4522879657879097360_n-768x1024.jpg\" alt=\"galeria\" class=\"h-full w-full object-cover object-center\" \/>\n                                    <\/a>\n                                <\/li>\n                                                                                            <li class=\"splide__slide\">\n                                    <a href=\"https:\/\/synergia.warszawa.pl\/artlab\/wp-content\/uploads\/2025\/01\/421877425_364371943013110_3040985486735258224_n.jpg\" data-fslightbox=\"gallery2053367641\" class=\"cursor-pointer h-full w-full\">\n                                        <img decoding=\"async\" src=\"https:\/\/synergia.warszawa.pl\/artlab\/wp-content\/uploads\/2025\/01\/421877425_364371943013110_3040985486735258224_n-768x576.jpg\" alt=\"galeria\" class=\"h-full w-full object-cover object-center\" \/>\n                                    <\/a>\n                                <\/li>\n                                                                                            <li class=\"splide__slide\">\n                                    <a href=\"https:\/\/synergia.warszawa.pl\/artlab\/wp-content\/uploads\/2025\/01\/348836605_245027858105759_5953248079436347036_n.jpg\" data-fslightbox=\"gallery2053367641\" class=\"cursor-pointer h-full w-full\">\n                                        <img decoding=\"async\" src=\"https:\/\/synergia.warszawa.pl\/artlab\/wp-content\/uploads\/2025\/01\/348836605_245027858105759_5953248079436347036_n-768x1023.jpg\" alt=\"galeria\" class=\"h-full w-full object-cover object-center\" \/>\n                                    <\/a>\n                                <\/li>\n                                                                                            <li class=\"splide__slide\">\n                                    <a href=\"https:\/\/synergia.warszawa.pl\/artlab\/wp-content\/uploads\/2025\/01\/339912338_177074125191988_8004843737322084072_n.jpg\" data-fslightbox=\"gallery2053367641\" class=\"cursor-pointer h-full w-full\">\n                                        <img decoding=\"async\" src=\"https:\/\/synergia.warszawa.pl\/artlab\/wp-content\/uploads\/2025\/01\/339912338_177074125191988_8004843737322084072_n-768x1024.jpg\" alt=\"galeria\" class=\"h-full w-full object-cover object-center\" \/>\n                                    <\/a>\n                                <\/li>\n                                                                                            <li class=\"splide__slide\">\n                                    <a href=\"https:\/\/synergia.warszawa.pl\/artlab\/wp-content\/uploads\/2025\/01\/336812504_604121774597904_778489145466275929_n.jpg\" data-fslightbox=\"gallery2053367641\" class=\"cursor-pointer h-full w-full\">\n                                        <img decoding=\"async\" src=\"https:\/\/synergia.warszawa.pl\/artlab\/wp-content\/uploads\/2025\/01\/336812504_604121774597904_778489145466275929_n-768x960.jpg\" alt=\"galeria\" class=\"h-full w-full object-cover object-center\" \/>\n                                    <\/a>\n                                <\/li>\n                                                                                            <li class=\"splide__slide\">\n                                    <a href=\"https:\/\/synergia.warszawa.pl\/artlab\/wp-content\/uploads\/2025\/01\/335590477_5919668101460537_7191703210672922731_n.jpg\" data-fslightbox=\"gallery2053367641\" class=\"cursor-pointer h-full w-full\">\n                                        <img decoding=\"async\" src=\"https:\/\/synergia.warszawa.pl\/artlab\/wp-content\/uploads\/2025\/01\/335590477_5919668101460537_7191703210672922731_n-768x794.jpg\" alt=\"galeria\" class=\"h-full w-full object-cover object-center\" \/>\n                                    <\/a>\n                                <\/li>\n                                                                                            <li class=\"splide__slide\">\n                                    <a href=\"https:\/\/synergia.warszawa.pl\/artlab\/wp-content\/uploads\/2025\/01\/307965570_155623433767237_3229507169187046334_n.jpg\" data-fslightbox=\"gallery2053367641\" class=\"cursor-pointer h-full w-full\">\n                                        <img decoding=\"async\" src=\"https:\/\/synergia.warszawa.pl\/artlab\/wp-content\/uploads\/2025\/01\/307965570_155623433767237_3229507169187046334_n-768x1024.jpg\" alt=\"galeria\" class=\"h-full w-full object-cover object-center\" \/>\n                                    <\/a>\n                                <\/li>\n                                                                                            <li class=\"splide__slide\">\n                                    <a href=\"https:\/\/synergia.warszawa.pl\/artlab\/wp-content\/uploads\/2025\/01\/454741487_482301697886800_5227382657981204400_n.jpg\" data-fslightbox=\"gallery2053367641\" class=\"cursor-pointer h-full w-full\">\n                                        <img decoding=\"async\" src=\"https:\/\/synergia.warszawa.pl\/artlab\/wp-content\/uploads\/2025\/01\/454741487_482301697886800_5227382657981204400_n-768x1024.jpg\" alt=\"galeria\" class=\"h-full w-full object-cover object-center\" \/>\n                                    <\/a>\n                                <\/li>\n                                                                                            <li class=\"splide__slide\">\n                                    <a href=\"https:\/\/synergia.warszawa.pl\/artlab\/wp-content\/uploads\/2025\/01\/284378179_130988482897399_144222859077009718_n.jpg\" data-fslightbox=\"gallery2053367641\" class=\"cursor-pointer h-full w-full\">\n                                        <img decoding=\"async\" src=\"https:\/\/synergia.warszawa.pl\/artlab\/wp-content\/uploads\/2025\/01\/284378179_130988482897399_144222859077009718_n-768x1062.jpg\" alt=\"galeria\" class=\"h-full w-full object-cover object-center\" \/>\n                                    <\/a>\n                                <\/li>\n                                                    <\/ul>\n                    <\/div>\n\n                    <div class=\"mt-clamp-24 xxl:mt-0\">\n                                                                        \n                        <div class=\"slider-arrows slider__arrows container splide__arrows flex justify-end items-center gap-clamp-8\">\n                            <button title=\"Poprzedni slajd\" aria-label=\"Poprzedni slajd\" class=\"splide__arrow splide__arrow--prev -rotate-180 button button--secondary size-52 !text-neutral-0 hover:!text-primary-100 disabled:opacity-50 !transition duration-300 ease-in-out\"><svg width=\"20\" height=\"20\" viewBox=\"0 0 20 20\" fill=\"none\" xmlns=\"http:\/\/www.w3.org\/2000\/svg\">\n    <path d=\"M6 2L15 10L6 18\" stroke=\"currentColor\" stroke-width=\"2\"\/>\n<\/svg>\n<\/button>\n                            <button title=\"Nast\u0119pny slajd\" aria-label=\"Nast\u0119pny slajd\" class=\"splide__arrow splide__arrow--next button button--secondary size-52 !text-neutral-0 hover:!text-primary-100 disabled:opacity-50 !transition duration-300 ease-in-out\"><svg width=\"20\" height=\"20\" viewBox=\"0 0 20 20\" fill=\"none\" xmlns=\"http:\/\/www.w3.org\/2000\/svg\">\n    <path d=\"M6 2L15 10L6 18\" stroke=\"currentColor\" stroke-width=\"2\"\/>\n<\/svg>\n<\/button>\n                        <\/div>\n                    <\/div>\n                <\/div>\n\n                                    <div class=\"flex justify-center mt-24 lg:mt-48\">\n                                    \n    \n                    <a href=\"https:\/\/synergia.warszawa.pl\/artlab\/galeria-zdjec\/\" target=\"_self\"  class=\"button button--secondary  content-type--text\" >\n        \n        \n        \n                                    <span>\n                    Przejd\u017a do galerii\n                <\/span>\n                <span class=\"button-icon\">\n                    <svg width=\"13\" height=\"20\" viewBox=\"0 0 13 20\" fill=\"none\" xmlns=\"http:\/\/www.w3.org\/2000\/svg\">\n    <path d=\"M2 2L11 10L2 18\" stroke=\"currentColor\" stroke-width=\"2\"\/>\n<\/svg>\n\n                <\/span>\n                    \n                    <\/a>\n        \n    \n                    <\/div>\n                            <\/div>\n        <\/div>\n    <\/section>\n\n<\/div><\/div>\n\n\n\n<div id=\"instructors\" class=\"wp-block-group\"><div class=\"wp-block-group__inner-container is-layout-constrained wp-block-group-is-layout-constrained\">    \n   <section aria-labelledby=\"team-section-heading-69f4fd2790129\" class=\"team alignfull mb-clamp-220\">\n       <div class=\"container grid grid-cols-1 xl:grid-cols-[1fr_72.7rem] gap-y-24 gap-x-130 px-12 md:px-32 lg:px-40\">\n           <div>\n               <p class=\"label--small text-neutral-800 font-medium\">Poznaj<\/p>\n               \n    <h2  id=\"team-section-heading-69f4fd2790129\"  class=\"  font-bold\">\n\n            Nasz zesp\u00f3\u0142 pasjonat\u00f3w\n\n    <\/h2>\n\n           <\/div>\n\n                          <div class=\"grid grid-cols-1 md:grid-cols-[30rem_1fr] gap-y-16 gap-x-80\">\n                    <figure class=\"relative\">\n            <img decoding=\"async\" src=\"https:\/\/synergia.warszawa.pl\/artlab\/wp-content\/uploads\/2026\/04\/Katarzyna-Boszko-1-768x955.jpg\" alt=\"Katarzyna\" class=\"h-full w-full object-cover\">\n            <p class=\"wcag-black-bg absolute left-0 bottom-0 px-28 py-16 h6 font-semibold bg-white\">Koordynator<\/p>\n        <\/figure>\n    \n    <div class=\"flex flex-col py-16\">\n        <p class=\"h4 font-semibold\">Katarzyna<\/p>\n        <p class=\"paragraph--l text-neutral-800 mb-auto mt-16\">Koordynator ArtLabu, tworzy grafik zaj\u0119\u0107 oraz odpisuje na wszystkie pytania i wiadomo\u015bci. Prowadzi zaj\u0119cia z: ceramiki, grafiki.<\/p>\n        <p class=\"paragraph--l leading-relaxed mt-16\"><span class=\"text-neutral-1000 font-semibold inline-block mr-10\">T:<\/span><a href=\"tel:\" title=\"Zadzwo\u0144 pod numer \" class=\"text-neutral-800\"><\/a><\/p>\n        <p class=\"paragraph--l mt-4 leading-relaxed\"><span class=\"text-neutral-1000 font-semibold inline-block mr-10\">E:<\/span><a href=\"mailto:artlab@synergia.warszawa.pl\" title=\"Napisz na adres artlab@synergia.warszawa.pl\" class=\"text-neutral-800\">artlab@synergia.warszawa.pl<\/a><\/p>\n    <\/div>\n<\/div>\n                  <\/div>\n\n                  <div class=\"instructors-slider container mt-32 lg:mt-136 grid grid-cols-1 md:grid-cols-2 lg:grid-cols-3 xl:grid-cols-4 gap-24\">\n    <div class=\"wcag-black-bg md:bg-neutral-20 flex flex-col md:items-center md:justify-center px-12 md:h-[34rem]\">\n        <p class=\"h4 md:mb-40 font-semibold text-center max-w-[14.5rem]\">Nasi instruktorzy<\/p>\n\n        <span class=\"hidden invisible md:inline md:visible\">\n            <svg xmlns=\"http:\/\/www.w3.org\/2000\/svg\" width=\"24\" height=\"24\" viewBox=\"0 0 24 24\" fill=\"none\">\n              <path d=\"M7.2 2.40015L18 12.0001L7.2 21.6001\" stroke=\"black\" stroke-width=\"3\"\/>\n            <\/svg>\n        <\/span>\n    <\/div>\n\n    <div class=\"grid lg:col-span-2 xl:col-span-3 relative\">\n        <div class=\"splide overflow-hidden\">\n            <div class=\"splide__track\">\n                <ul class=\"splide__list\">\n                                            <li class=\"splide__slide\">\n                                                                                            <figure class=\"h-[25rem] md:h-[34rem] overflow-clip\">\n                                    <img decoding=\"async\" src=\"https:\/\/synergia.warszawa.pl\/artlab\/wp-content\/uploads\/2026\/04\/kobieta-synergia-brunetka-768x768.jpg\" alt=\"Marta\" class=\"h-full w-full object-cover object-center\" loading=\"lazy\" \/>\n                                <\/figure>\n                                                        <p class=\"w-fit px-12 md:px-0\">\n                                <strong class=\"paragraph--l font-bold block mt-24 mb-16\">Marta<\/strong>\n                                <span class=\"paragraph--m block text-neutral-800\">Instruktorka artystyczna, prowadzi zaj\u0119cia dla dzieci i doros\u0142ych z:<\/span>\n                                <span class=\"paragraph--m block text-neutral-1000 font-medium\">malowania, odlew\u00f3w gipsowych i r\u0119kodzie\u0142a.<\/span>\n                            <\/p>\n                        <\/li>\n                                            <li class=\"splide__slide\">\n                                                                                            <figure class=\"h-[25rem] md:h-[34rem] overflow-clip\">\n                                    <img decoding=\"async\" src=\"https:\/\/synergia.warszawa.pl\/artlab\/wp-content\/uploads\/2026\/04\/kobieta-synergia-brunetka-1-768x768.jpg\" alt=\"Antonina\" class=\"h-full w-full object-cover object-center\" loading=\"lazy\" \/>\n                                <\/figure>\n                                                        <p class=\"w-fit px-12 md:px-0\">\n                                <strong class=\"paragraph--l font-bold block mt-24 mb-16\">Antonina<\/strong>\n                                <span class=\"paragraph--m block text-neutral-800\">Instruktorka artystyczna, prowadzi zaj\u0119cia dla dzieci i doros\u0142ych z:<\/span>\n                                <span class=\"paragraph--m block text-neutral-1000 font-medium\">ceramiki.<\/span>\n                            <\/p>\n                        <\/li>\n                                            <li class=\"splide__slide\">\n                                                                                            <figure class=\"h-[25rem] md:h-[34rem] overflow-clip\">\n                                    <img decoding=\"async\" src=\"https:\/\/synergia.warszawa.pl\/artlab\/wp-content\/uploads\/2025\/02\/paula1-768x1152.jpg\" alt=\"Paula \" class=\"h-full w-full object-cover object-center\" loading=\"lazy\" \/>\n                                <\/figure>\n                                                        <p class=\"w-fit px-12 md:px-0\">\n                                <strong class=\"paragraph--l font-bold block mt-24 mb-16\">Paula <\/strong>\n                                <span class=\"paragraph--m block text-neutral-800\">Instruktorka artystyczna, prowadzi zaj\u0119cia dla dzieci i doros\u0142ych z:<\/span>\n                                <span class=\"paragraph--m block text-neutral-1000 font-medium\">grafiki, odlewania \u015bwiec sojowych, mydlarskie.<\/span>\n                            <\/p>\n                        <\/li>\n                                            <li class=\"splide__slide\">\n                                                                                            <figure class=\"h-[25rem] md:h-[34rem] overflow-clip\">\n                                    <img decoding=\"async\" src=\"https:\/\/synergia.warszawa.pl\/artlab\/wp-content\/uploads\/2026\/04\/grafika-blondynka-kobieta-768x768.jpg\" alt=\"Magdalena\" class=\"h-full w-full object-cover object-center\" loading=\"lazy\" \/>\n                                <\/figure>\n                                                        <p class=\"w-fit px-12 md:px-0\">\n                                <strong class=\"paragraph--l font-bold block mt-24 mb-16\">Magdalena<\/strong>\n                                <span class=\"paragraph--m block text-neutral-800\">Instruktorka artystyczna, prowadzi zaj\u0119cia dla dzieci i doros\u0142ych z:<\/span>\n                                <span class=\"paragraph--m block text-neutral-1000 font-medium\">ceramiki.<\/span>\n                            <\/p>\n                        <\/li>\n                                    <\/ul>\n            <\/div>\n        <\/div>\n\n        <div class=\"mt-clamp-24 xxl:mt-0\">\n                                    \n            <div class=\"slider-arrows slider__arrows container splide__arrows flex justify-end items-center gap-clamp-8\">\n                <button title=\"Poprzedni slajd\" aria-label=\"Poprzedni slajd\" class=\"instructors-slider__prev splide__arrow splide__arrow--prev -rotate-180 button button--secondary size-52 !text-neutral-0 hover:!text-primary-100 disabled:opacity-50 !transition duration-300 ease-in-out\" disabled><svg width=\"20\" height=\"20\" viewBox=\"0 0 20 20\" fill=\"none\" xmlns=\"http:\/\/www.w3.org\/2000\/svg\">\n    <path d=\"M6 2L15 10L6 18\" stroke=\"currentColor\" stroke-width=\"2\"\/>\n<\/svg>\n<\/button>\n                <button title=\"Nast\u0119pny slajd\" aria-label=\"Nast\u0119pny slajd\" class=\"instructors-slider__next splide__arrow splide__arrow--next button button--secondary size-52 !text-neutral-0 hover:!text-primary-100 disabled:opacity-50 !transition duration-300 ease-in-out\"><svg width=\"20\" height=\"20\" viewBox=\"0 0 20 20\" fill=\"none\" xmlns=\"http:\/\/www.w3.org\/2000\/svg\">\n    <path d=\"M6 2L15 10L6 18\" stroke=\"currentColor\" stroke-width=\"2\"\/>\n<\/svg>\n<\/button>\n            <\/div>\n        <\/div>\n    <\/div>\n<\/div>\n          <\/section>\n\n<\/div><\/div>\n\n\n\n<div id=\"registration\" class=\"wp-block-group\"><div class=\"wp-block-group__inner-container is-layout-constrained wp-block-group-is-layout-constrained\">\n<section aria-labelledby=\"section-with-mixed-content-heading-69f4fd279226d\" class=\"section-with-mixed-content alignfull mb-clamp-220\">\n    <div class=\"container grid grid-cols-1 xxl:grid-cols-[1fr_51.4rem] gap-y-32 gap-x-70 px-12 md:px-32 lg:px-40 xxxl:px-107\">\n        <div class=\"flex flex-col items-start\">\n            <p class=\"label--small text-neutral-800 font-medium mb-16\">Nie zwlekaj<\/p>\n    \n            \n    <h2  id=\"section-with-mixed-content-heading-69f4fd279226d\"  class=\"  font-bold\">\n\n            Zapisy na warsztaty\n\n    <\/h2>\n\n    \n            <div class=\"wysiwyg mt-20 lg:mt-40 mb-auto\"><p data-pm-slice=\"1 1 [&quot;orderedList&quot;,{&quot;order&quot;:1},&quot;listItem&quot;,null]\">Grupy zorganizowane i osoby indywidualne, kt\u00f3re chc\u0105 uczestniczy\u0107 w warsztatach obowi\u0105zuj\u0105 zapisy. Zapraszamy do zapoznania si\u0119 z nasz\u0105 szerok\u0105 ofert\u0105 zaj\u0119\u0107 we wszystkich FabLabach.<\/p>\n<p data-pm-slice=\"1 1 [&quot;orderedList&quot;,{&quot;order&quot;:1},&quot;listItem&quot;,null]\"><strong>ZAJ\u0118CIA GRUPOWE<br \/>\n<\/strong><\/p>\n<ul>\n<li data-pm-slice=\"1 1 [&quot;orderedList&quot;,{&quot;order&quot;:1},&quot;listItem&quot;,null]\"><strong>W zale\u017cno\u015bci od wybranych warsztat\u00f3w oferujemy trzy rodzaje zaj\u0119\u0107 dla grup zorganizowanych: <\/strong>\n<p>&#8211; grupy od 6 do 15 os\u00f3b,<\/p>\n<p>&#8211; grupy od 6 do 24 os\u00f3b,<\/p>\n<p>&#8211; grupy od 20 do 30 os\u00f3b.<\/li>\n<li data-pm-slice=\"1 1 [&quot;orderedList&quot;,{&quot;order&quot;:1},&quot;listItem&quot;,null]\"><strong>Limit zapis\u00f3w dla 1 grupy = 3 warsztaty miesi\u0119cznie.<\/strong><\/li>\n<li data-pm-slice=\"1 1 [&quot;orderedList&quot;,{&quot;order&quot;:1},&quot;listItem&quot;,null]\">Rezygnacji z warsztat\u00f3w mo\u017cna dokona\u0107 poprzez link wys\u0142any razem z informacj\u0105 potwierdzaj\u0105c\u0105 zapisanie si\u0119 na warsztaty do<strong>\u00a048h przed zaj\u0119ciami.<\/strong>\u00a0Nie odwo\u0142anie warsztat\u00f3w lub\u00a0nie pojawienie si\u0119 na\u00a0zaj\u0119ciach mo\u017ce skutkowa\u0107 wykre\u015bleniem z\u00a0innych zapisanych zaj\u0119\u0107<\/li>\n<\/ul>\n<p data-pm-slice=\"1 1 [&quot;orderedList&quot;,{&quot;order&quot;:1},&quot;listItem&quot;,null]\"><strong>ZAJ\u0118CIA DLA OS\u00d3B INDYWIDUALNYCH<\/strong><\/p>\n<ul>\n<li data-pm-slice=\"1 1 [&quot;orderedList&quot;,{&quot;order&quot;:1},&quot;listItem&quot;,null]\">Osoby do 18 roku \u017cycia uczestnicz\u0105 w warsztatach wraz z opiekunami \/ nale\u017cy dokona\u0107 rezerwacji np. <strong>2 bilet\u00f3w = 1 dla\u00a0dziecka + 1 dla\u00a0opiekuna.<\/strong><\/li>\n<li data-pm-slice=\"1 1 [&quot;orderedList&quot;,{&quot;order&quot;:1},&quot;listItem&quot;,null]\"><strong>Zapisy na warsztaty pojawiaj\u0105 si\u0119 na 1-3 dni przed ich rozpocz\u0119ciem.<\/strong><\/li>\n<li data-pm-slice=\"1 1 [&quot;orderedList&quot;,{&quot;order&quot;:1},&quot;listItem&quot;,null]\">Sp\u00f3\u017anienie powy\u017cej <strong>5 minut<\/strong> jest traktowane jako nieobecno\u015b\u0107.<\/li>\n<li data-pm-slice=\"1 1 [&quot;orderedList&quot;,{&quot;order&quot;:1},&quot;listItem&quot;,null]\">Rezygnacji z warsztat\u00f3w mo\u017cna dokona\u0107 poprzez link wys\u0142any razem z informacj\u0105 potwierdzaj\u0105c\u0105 zapisanie si\u0119 na warsztaty.<\/li>\n<\/ul>\n<p><span style=\"color: #cf1f13;\"><strong>Bardzo prosimy o\u00a0przemy\u015blane rezerwacje.<\/strong><\/span><\/p>\n<p data-pm-slice=\"1 1 [&quot;orderedList&quot;,{&quot;order&quot;:1},&quot;listItem&quot;,null]\">\n<\/div>\n    \n                        \n    \n                    <a href=\"https:\/\/synergia.warszawa.pl\/zapisy\/start.php\" target=\"_blank\" rel= \"noopener noreferrer nofollow\" class=\"button button--primary mt-24 content-type--text\" >\n        \n        \n        \n                                    <span>\n                    Przejd\u017a do zapis\u00f3w\n                <\/span>\n                <span class=\"button-icon\">\n                    <svg width=\"13\" height=\"20\" viewBox=\"0 0 13 20\" fill=\"none\" xmlns=\"http:\/\/www.w3.org\/2000\/svg\">\n    <path d=\"M2 2L11 10L2 18\" stroke=\"currentColor\" stroke-width=\"2\"\/>\n<\/svg>\n\n                <\/span>\n                    \n                    <\/a>\n        \n    \n    <\/div>\n        \n    \n\t\n\t\t\n\t\t\t\n\t<figure class=\"overflow-hidden max-h-[30rem] lg:max-h-[45.4rem]\">\n\n\t\t\n\t\t\t\t\t\t\t\t\t\n\t\t\t<img decoding=\"async\" src=\"https:\/\/synergia.warszawa.pl\/artlab\/wp-content\/uploads\/2025\/01\/zdjecie-w-sekcji-z-strony.jpg\" srcset=\"https:\/\/synergia.warszawa.pl\/artlab\/wp-content\/uploads\/2025\/01\/zdjecie-w-sekcji-z-strony.jpg 1496w, https:\/\/synergia.warszawa.pl\/artlab\/wp-content\/uploads\/2025\/01\/zdjecie-w-sekcji-z-strony-224x300.jpg 224w, https:\/\/synergia.warszawa.pl\/artlab\/wp-content\/uploads\/2025\/01\/zdjecie-w-sekcji-z-strony-766x1024.jpg 766w, https:\/\/synergia.warszawa.pl\/artlab\/wp-content\/uploads\/2025\/01\/zdjecie-w-sekcji-z-strony-768x1027.jpg 768w, https:\/\/synergia.warszawa.pl\/artlab\/wp-content\/uploads\/2025\/01\/zdjecie-w-sekcji-z-strony-1149x1536.jpg 1149w, https:\/\/synergia.warszawa.pl\/artlab\/wp-content\/uploads\/2025\/01\/zdjecie-w-sekcji-z-strony-500x668.jpg 500w\" sizes=\"auto, (max-width: 1496px) 100vw, 1496px\" alt=\"\" class=\"h-full w-full object-cover\" width=\"1496\" height=\"2000\"  loading=\"lazy\" \/>\n\n\t\t\n\t<\/figure>\n\n\n\t\t\n\t\n\n    <\/div>\n<\/section>\n<\/div><\/div>\n\n\n    \n    <section aria-labelledby=\"faq-section-heading-69f4fd2793b0c\" class=\"faq alignfull mb-clamp-180\">\n        <div class=\"container\">\n            <div class=\"w-fit md:mx-auto\">\n                <p class=\"label--small mb-16\">Sprawd\u017a<\/p>\n\n                \n    <h2  id=\"faq-section-heading-69f4fd2793b0c\"  class=\"  font-semibold\">\n\n            Najcz\u0119\u015bciej zadawane pytania\n\n    <\/h2>\n\n            <\/div>\n\n            <ul class=\"accordion list-none mt-32 lg:mt-80 max-w-[83.4rem] mx-auto border-y border-neutral-200 divide-y divide-neutral-200\" data-first-item-should-be-expanded=\"true\">\n                \n                    <li class=\"accordion-item py-24 px-12 md:px-32 xl:px-0\">\n                        <a role=\"button\" class=\"accordion-item__button paragraph--l font-semibold text-neutral-1000 cursor-pointer relative w-full block pr-20 lg:pr-40\">\n                            Ile kosztuj\u0105 zaj\u0119cia?\n                            <span class=\"absolute top-6 right-0 l:right-16\">\n                                <svg xmlns=\"http:\/\/www.w3.org\/2000\/svg\" width=\"20\" height=\"20\" viewBox=\"0 0 20 20\" fill=\"none\">\n                                  <path d=\"M18 6L10 15L2 6\" stroke=\"black\" stroke-width=\"2\"\/>\n                                <\/svg>\n                            <\/span>\n                        <\/a>\n                        <div class=\"accordion-item__content hidden pt-8 pb-12 pr-40 lg:pr-80\">Jeste\u015bmy instytucj\u0105 miejsk\u0105 i zaj\u0119cia dla dzieci odbywaj\u0105 si\u0119 u nas nieodp\u0142atnie. Przestrze\u0144 pracowni oraz podstawowe elektronarz\u0119dzia dost\u0119pne s\u0105 dla odwiedzaj\u0105cych.<\/div>\n                    <\/li>\n\n                \n                    <li class=\"accordion-item py-24 px-12 md:px-32 xl:px-0\">\n                        <a role=\"button\" class=\"accordion-item__button paragraph--l font-semibold text-neutral-1000 cursor-pointer relative w-full block pr-20 lg:pr-40\">\n                            Czy musz\u0119 posiada\u0107 w\u0142asne materia\u0142y?\n                            <span class=\"absolute top-6 right-0 l:right-16\">\n                                <svg xmlns=\"http:\/\/www.w3.org\/2000\/svg\" width=\"20\" height=\"20\" viewBox=\"0 0 20 20\" fill=\"none\">\n                                  <path d=\"M18 6L10 15L2 6\" stroke=\"black\" stroke-width=\"2\"\/>\n                                <\/svg>\n                            <\/span>\n                        <\/a>\n                        <div class=\"accordion-item__content hidden pt-8 pb-12 pr-40 lg:pr-80\">Dzieci podczas wizyty w pracowni otrzymuj\u0105 bezp\u0142atne materia\u0142y do wykonywania projekt\u00f3w podczas warsztat\u00f3w.<\/div>\n                    <\/li>\n\n                \n                    <li class=\"accordion-item py-24 px-12 md:px-32 xl:px-0\">\n                        <a role=\"button\" class=\"accordion-item__button paragraph--l font-semibold text-neutral-1000 cursor-pointer relative w-full block pr-20 lg:pr-40\">\n                            Czy dziecko mo\u017ce zabra\u0107 swoj\u0105 prac\u0119 do\u00a0domu?\n                            <span class=\"absolute top-6 right-0 l:right-16\">\n                                <svg xmlns=\"http:\/\/www.w3.org\/2000\/svg\" width=\"20\" height=\"20\" viewBox=\"0 0 20 20\" fill=\"none\">\n                                  <path d=\"M18 6L10 15L2 6\" stroke=\"black\" stroke-width=\"2\"\/>\n                                <\/svg>\n                            <\/span>\n                        <\/a>\n                        <div class=\"accordion-item__content hidden pt-8 pb-12 pr-40 lg:pr-80\">Oczywi\u015bcie! Mamy nadziej\u0119, \u017ce b\u0119dzie dumnie prezentowa\u0142a si\u0119 w\u015br\u00f3d innych arcydzie\u0142 oraz b\u0119dzie wspania\u0142\u0105 pami\u0105tk\u0105 na lata.<\/div>\n                    <\/li>\n\n                \n                    <li class=\"accordion-item py-24 px-12 md:px-32 xl:px-0\">\n                        <a role=\"button\" class=\"accordion-item__button paragraph--l font-semibold text-neutral-1000 cursor-pointer relative w-full block pr-20 lg:pr-40\">\n                            Gdzie mie\u015bci si\u0119 ArtLab?\n                            <span class=\"absolute top-6 right-0 l:right-16\">\n                                <svg xmlns=\"http:\/\/www.w3.org\/2000\/svg\" width=\"20\" height=\"20\" viewBox=\"0 0 20 20\" fill=\"none\">\n                                  <path d=\"M18 6L10 15L2 6\" stroke=\"black\" stroke-width=\"2\"\/>\n                                <\/svg>\n                            <\/span>\n                        <\/a>\n                        <div class=\"accordion-item__content hidden pt-8 pb-12 pr-40 lg:pr-80\">Od maja 2026 roku pracownia mie\u015bci si\u0119 przy ul. Markowskiej 16 w Warszawie w siedzibie Warszawskiego Laboratorium Innowacji Spo\u0142ecznych Synergia. ArtLab znajduje si\u0119 na parterze.<\/div>\n                    <\/li>\n\n                \n                    <li class=\"accordion-item py-24 px-12 md:px-32 xl:px-0\">\n                        <a role=\"button\" class=\"accordion-item__button paragraph--l font-semibold text-neutral-1000 cursor-pointer relative w-full block pr-20 lg:pr-40\">\n                            Co znajduje\u00a0si\u0119 w\u00a0pobli\u017cu ArtLabu?\n                            <span class=\"absolute top-6 right-0 l:right-16\">\n                                <svg xmlns=\"http:\/\/www.w3.org\/2000\/svg\" width=\"20\" height=\"20\" viewBox=\"0 0 20 20\" fill=\"none\">\n                                  <path d=\"M18 6L10 15L2 6\" stroke=\"black\" stroke-width=\"2\"\/>\n                                <\/svg>\n                            <\/span>\n                        <\/a>\n                        <div class=\"accordion-item__content hidden pt-8 pb-12 pr-40 lg:pr-80\">Zach\u0119camy do skorzystania z placu zabaw, kt\u00f3ry znajduje si\u0119 po drugiej stronie ulicy nieopodal Centrum Praskiego Koneser.<\/div>\n                    <\/li>\n\n                            <\/ul>\n        <\/div>\n    <\/section>\n\n\n\n    \n    <section aria-labelledby=\"logos-section-heading-69f4fd2795fe2\" class=\"logos alignfull mb-clamp-180\">\n        <div class=\"container px-12 md:px-32 lg:px-40 xl:px-107\">\n                            \n    <h2  id=\"logos-section-heading-69f4fd2795fe2\"  class=\"h4   text-center max-w-[61.7rem] mx-auto font-semibold\">\n\n            Zapraszamy do zapoznania si\u0119 z bezp\u0142atnymi warsztatami w pozosta\u0142ych pracowniach:\n\n    <\/h2>\n\n            \n            <div class=\"grid grid-cols-1 md:grid-cols-2 xl:grid-cols-3 gap-24 mt-24 lg:mt-40\">\n                                    <a href=\"https:\/\/synergia.warszawa.pl\/wbijaj\" title=\"Odwied\u017a stron\u0119 FabLab wbijaj\" class=\"logos__item border border-neutral-200 grid place-content-center bg-white hover:bg-primary-50 hover:border-primary-50 py-24 lg:py-70\">\n                                                <img decoding=\"async\" src=\"https:\/\/synergia.warszawa.pl\/artlab\/wp-content\/uploads\/2024\/11\/fablab_wbijaj.svg\" alt=\"Logo FabLab wbijaj\" class=\"h-40 md:h-60 w-auto style-svg\">\n                    <\/a>\n                                    <a href=\"https:\/\/synergia.warszawa.pl\/pobite-gary\/\" title=\"Odwied\u017a stron\u0119 FabLab Pobite Gary\" class=\"logos__item border border-neutral-200 grid place-content-center bg-white hover:bg-primary-50 hover:border-primary-50 py-24 lg:py-70\">\n                                                <img decoding=\"async\" src=\"https:\/\/synergia.warszawa.pl\/artlab\/wp-content\/uploads\/2024\/11\/fablab_pobite_gary.svg\" alt=\"Logo FabLab Pobite Gary\" class=\"h-40 md:h-60 w-auto style-svg\">\n                    <\/a>\n                                    <a href=\"https:\/\/synergia.warszawa.pl\/kamera-akcja\/\" title=\"Odwied\u017a stron\u0119 FabLab Kamera Akcja\" class=\"logos__item border border-neutral-200 grid place-content-center bg-white hover:bg-primary-50 hover:border-primary-50 py-24 lg:py-70\">\n                                                <img decoding=\"async\" src=\"https:\/\/synergia.warszawa.pl\/artlab\/wp-content\/uploads\/2024\/11\/fablab_kamera_akcja.svg\" alt=\"Logo FabLab Kamera Akcja\" class=\"h-40 md:h-60 w-auto style-svg\">\n                    <\/a>\n                                    <a href=\"https:\/\/synergia.warszawa.pl\/czacha-dymii\/\" title=\"Odwied\u017a stron\u0119 FabLab Czacha dymi\" class=\"logos__item border border-neutral-200 grid place-content-center bg-white hover:bg-primary-50 hover:border-primary-50 py-24 lg:py-70\">\n                                                <img decoding=\"async\" src=\"https:\/\/synergia.warszawa.pl\/artlab\/wp-content\/uploads\/2024\/11\/fablab_czacha_dymi.svg\" alt=\"Logo FabLab Czacha dymi\" class=\"h-40 md:h-60 w-auto style-svg\">\n                    <\/a>\n                                    <a href=\"https:\/\/synergia.warszawa.pl\/cooklab\/\" title=\"Odwied\u017a stron\u0119 CookLab\" class=\"logos__item border border-neutral-200 grid place-content-center bg-white hover:bg-primary-50 hover:border-primary-50 py-24 lg:py-70\">\n                                                <img decoding=\"async\" src=\"https:\/\/synergia.warszawa.pl\/artlab\/wp-content\/uploads\/2024\/11\/cooklab.svg\" alt=\"Logo CookLab\" class=\"h-40 md:h-60 w-auto style-svg\">\n                    <\/a>\n                            <\/div>\n        <\/div>\n    <\/section>\n\n\n\n    \n    <section aria-labelledby=\"section-with-heading-text-and-files-heading-69f4fd2797224\" class=\"section-with-heading-text-and-files alignfull pb-clamp-180\">\n\n        <div class=\"container bg-neutral-20 wcag-black-bg px-12 py-24 md:px-32 md:py-40 lg:p-40 xxl:px-107 xxl:py-80\">\n                            \n    <h2  id=\"section-with-heading-text-and-files-heading-69f4fd2797224\"  class=\"h4   font-bold\">\n\n            Zasady pracy\n\n    <\/h2>\n\n            \n            <div class=\"grid grid-cols-1 xxxl:grid-cols-[53.6rem_1fr] gap-y-32 gap-x-85 mt-24 lg:mt-40\">\n                <div>\n                                            <div class=\"wysiwyg\"><p>Na wszystkie zaj\u0119cia obowi\u0105zuj\u0105 zapisy (informacje poni\u017cej).<\/p>\n<p>Osoby, kt\u00f3re chc\u0105 nas odwiedzi\u0107 prosimy o zapoznanie si\u0119 z zasadami pracy.<\/p>\n<p>Jeste\u015bmy instytucj\u0105 miejsk\u0105 i zaj\u0119cia odbywaj\u0105 si\u0119 u nas <strong>nieodp\u0142atnie<\/strong>.<\/p>\n<p>Pracownia jest przystosowana do pracy z dzie\u0107mi oraz do os\u00f3b z niepe\u0142nosprawno\u015bciami.<\/p>\n<\/div>\n                                    <\/div>\n\n                <div class=\"divide-y divide-neutral-200 border-y border-neutral-200 self-start\">\n                                            <a href=\"https:\/\/synergia.warszawa.pl\/artlab\/wp-content\/uploads\/2026\/04\/Regulamin-ArtLab-2026.pdf\" title=\"Pobierz plik \" aria-label=\"Pobierz plik \" class=\"group flex flex-col md:flex-row md:items-center gap-y-12 px-16 py-24\">\n                            <span class=\"uppercase label--small text-neutral-800 min-w-70 shrink-0\">pdf<\/span>\n                            <p class=\"paragraph--l text-neutral-1000 group-hover:text-main font-semibold flex-1 transition-all duration-300 ease-in-out\">ArtLab Regulamin 2026<\/p>\n                            <p class=\"flex items-center gap-20 shrink-0\">\n                            <span class=\"size-44 md:size-52 bg-main grid place-content-center\">\n                                <svg xmlns=\"http:\/\/www.w3.org\/2000\/svg\" width=\"21\" height=\"21\" viewBox=\"0 0 21 21\" fill=\"none\">\n    <path d=\"M10 0L10 15M10 15L14.5 10.5M10 15L5.5 10.5\" stroke=\"black\" stroke-width=\"2\"\/>\n    <path d=\"M0.5 20L20.5 20\" stroke=\"black\" stroke-width=\"2\"\/>\n<\/svg>\n\n                            <\/span>\n                            <\/p>\n                        <\/a>\n                    \n                <\/div>\n            <\/div>\n        <\/div>\n    <\/section>\n\n\n\n\n<div id=\"contact\" class=\"wp-block-group\"><div class=\"wp-block-group__inner-container is-layout-constrained wp-block-group-is-layout-constrained\">\n<section aria-labelledby=\"section-with-mixed-content-heading-69f4fd2797b6d\" class=\"section-with-mixed-content alignfull mb-clamp-220\">\n    <div class=\"container grid grid-cols-1 xxl:grid-cols-[1fr_51.4rem] gap-y-32 gap-x-70 px-12 md:px-32 lg:px-40 xxxl:px-107\">\n        <div class=\"flex flex-col items-start\">\n            <p class=\"label--small text-neutral-800 font-medium mb-16\">Kontakt<\/p>\n    \n            \n    <h2  id=\"section-with-mixed-content-heading-69f4fd2797b6d\"  class=\"  font-bold\">\n\n            Zapraszamy do ArtLabu\n\n    <\/h2>\n\n    \n            <div class=\"wysiwyg mt-20 lg:mt-40 mb-auto\"><p>W razie pyta\u0144 czekamy na wiadomo\u015bci mailowe \u2013 <a href=\"mailto:artlab@synergia.warszawa.pl\">artlab@synergia.warszawa.pl<\/a><\/p>\n<p><strong>Na wszystkie zaj\u0119cia obowi\u0105zuj\u0105 zapisy.<\/strong><\/p>\n<p><strong><img loading=\"lazy\" decoding=\"async\" class=\"alignnone wp-image-1606\" src=\"https:\/\/synergia.warszawa.pl\/artlab\/wp-content\/uploads\/2025\/03\/Warszawa-znak-RGB-instytucja_wsparcia_spolecznego-kolorowy-e1741778565923-300x209.png\" alt=\"\" width=\"225\" height=\"157\" srcset=\"https:\/\/synergia.warszawa.pl\/artlab\/wp-content\/uploads\/2025\/03\/Warszawa-znak-RGB-instytucja_wsparcia_spolecznego-kolorowy-e1741778565923-300x209.png 300w, https:\/\/synergia.warszawa.pl\/artlab\/wp-content\/uploads\/2025\/03\/Warszawa-znak-RGB-instytucja_wsparcia_spolecznego-kolorowy-e1741778565923-1024x714.png 1024w, https:\/\/synergia.warszawa.pl\/artlab\/wp-content\/uploads\/2025\/03\/Warszawa-znak-RGB-instytucja_wsparcia_spolecznego-kolorowy-e1741778565923-768x536.png 768w, https:\/\/synergia.warszawa.pl\/artlab\/wp-content\/uploads\/2025\/03\/Warszawa-znak-RGB-instytucja_wsparcia_spolecznego-kolorowy-e1741778565923-1536x1071.png 1536w, https:\/\/synergia.warszawa.pl\/artlab\/wp-content\/uploads\/2025\/03\/Warszawa-znak-RGB-instytucja_wsparcia_spolecznego-kolorowy-e1741778565923-2048x1428.png 2048w, https:\/\/synergia.warszawa.pl\/artlab\/wp-content\/uploads\/2025\/03\/Warszawa-znak-RGB-instytucja_wsparcia_spolecznego-kolorowy-e1741778565923-500x349.png 500w\" sizes=\"auto, (max-width: 225px) 100vw, 225px\" \/><\/strong><\/p>\n<\/div>\n    \n                        \n    \n                    <a href=\"https:\/\/www.google.com\/maps\/dir\/\/Stara+4,+00-231+Warszawa\/@52.2529521,21.0083601,17z\" target=\"_blank\" rel= \"noopener noreferrer nofollow\" class=\"button button--map mt-24 content-type--text\" >\n        \n        \n                    <span class=\"hidden invisible md:inline-block md:visible mr-40\"><svg xmlns=\"http:\/\/www.w3.org\/2000\/svg\" width=\"80\" height=\"80\" viewBox=\"0 0 80 80\" fill=\"none\">\n    <g clip-path=\"url(#clip0_723_7459)\">\n        <path d=\"M36.666 22.668L2.66602 57.668\" stroke=\"#363636\" stroke-width=\"5.5\" stroke-miterlimit=\"10\"\/>\n        <path d=\"M19.666 40.668L41.666 62.668\" stroke=\"#363636\" stroke-width=\"5.5\" stroke-miterlimit=\"10\"\/>\n        <path d=\"M77.2349 11.6675L51.5586 37.3438L16.666 2.45118\" stroke=\"#363636\" stroke-width=\"5.5\" stroke-miterlimit=\"10\"\/>\n        <path d=\"M63.9656 76.875C59.4384 69.7462 51.8791 65.7709 51.8711 57.5886C51.8791 50.7241 57.4722 45 64.3711 45C71.2698 45 76.8631 50.7241 76.8711 57.5886C76.8631 65.7709 69.3036 69.7462 64.7764 76.875H63.9656Z\" stroke=\"#363636\" stroke-width=\"5.5\" stroke-miterlimit=\"10\"\/>\n        <path d=\"M61.2461 57.5C61.2461 59.2259 62.6452 60.625 64.3711 60.625C66.097 60.625 67.4961 59.2259 67.4961 57.5C67.4961 55.7741 66.097 54.375 64.3711 54.375C62.6452 54.375 61.2461 55.7741 61.2461 57.5Z\" fill=\"#363636\"\/>\n        <path d=\"M46.166 77.668H2.66602V2.66797H77.666V40.168\" stroke=\"#363636\" stroke-width=\"5.5\" stroke-miterlimit=\"10\"\/>\n    <\/g>\n    <defs>\n        <clipPath id=\"clip0_723_7459\">\n            <rect width=\"80\" height=\"80\" fill=\"white\"\/>\n        <\/clipPath>\n    <\/defs>\n<\/svg>\n<\/span>\n        \n                                    <span>\n                    Zobacz jak trafi\u0107\n                <\/span>\n                <span class=\"button-icon\">\n                    <svg width=\"13\" height=\"20\" viewBox=\"0 0 13 20\" fill=\"none\" xmlns=\"http:\/\/www.w3.org\/2000\/svg\">\n    <path d=\"M2 2L11 10L2 18\" stroke=\"currentColor\" stroke-width=\"2\"\/>\n<\/svg>\n\n                <\/span>\n                    \n                    <\/a>\n        \n    \n    <\/div>\n        \n\n    <div class=\"self-start flex flex-col space-y-32 border border-neutral-200 p-24 md:p-40 lg:px-64 lg:py-48 bg-white wcag-black-bg relative after:hidden md:after:block after:content-[''] after:absolute after:top-24 after:left-24 after:w-full after:h-full after:bg-primary-50 after:z-[-1]\">\n        \n                    <p><strong class=\"inline-block min-w-80 mr-48\">E-MAIL:<\/strong><a href=\"mailto:artlab@synergia.warszawa.pl\" title=\"Napisz pod adres artlab@synergia.warszawa.pl\" class=\"text-neutral-800 hover:text-main\">artlab@synergia.warszawa.pl<\/a><\/p>\n        \n                    <div class=\"flex flex-col md:flex-row\">\n                <strong class=\"inline-block min-w-80 mr-48\">ADRES:<\/strong>\n                <p>ul. Markowska 16<br \/>\r\n03-742 Warszawa<\/p>\n            <\/div>\n        \n                    <div class=\"wysiwyg\"><p>Od maja 2026 roku pracownia mie\u015bci si\u0119 przy ul. Markowskiej 16 w Warszawie w siedzibie Warszawskiego Laboratorium Innowacji Spo\u0142ecznych Synergia. ArtLab znajduje si\u0119 na parterze.<\/p>\n<\/div>\n            <\/div>\n    <\/div>\n<\/section>\n<\/div><\/div>\n","protected":false},"excerpt":{"rendered":"","protected":false},"author":1,"featured_media":0,"parent":0,"menu_order":0,"comment_status":"closed","ping_status":"closed","template":"","meta":{"_acf_changed":false,"inline_featured_image":false,"footnotes":""},"class_list":["post-5","page","type-page","status-publish","hentry"],"yoast_head":"<!-- This site is optimized with the Yoast SEO plugin v25.8 - https:\/\/yoast.com\/wordpress\/plugins\/seo\/ -->\n<title>Strona g\u0142\u00f3wna - ArtLab<\/title>\n<meta name=\"description\" content=\"ArtLab jest jedn\u0105 z pracowni Warszawskiego Laboratorium Innowacji Spo\u0142ecznych &quot;Synergia&quot;, powsta\u0142 z mi\u0142o\u015bci do sztuki i rzemios\u0142a artystycznego. To tutaj mieszka\u0144cy Warszawy w trakcie bezp\u0142atnych zaj\u0119\u0107 mog\u0105 spr\u00f3bowa\u0107 swoich si\u0142 podczas licznych warsztat\u00f3w tematycznych.\" \/>\n<meta name=\"robots\" content=\"index, follow, max-snippet:-1, max-image-preview:large, max-video-preview:-1\" \/>\n<link rel=\"canonical\" href=\"https:\/\/synergia.warszawa.pl\/artlab\/\" \/>\n<meta property=\"og:locale\" content=\"pl_PL\" \/>\n<meta property=\"og:type\" content=\"article\" \/>\n<meta property=\"og:title\" content=\"Strona g\u0142\u00f3wna - ArtLab\" \/>\n<meta property=\"og:description\" content=\"ArtLab jest jedn\u0105 z pracowni Warszawskiego Laboratorium Innowacji Spo\u0142ecznych &quot;Synergia&quot;, powsta\u0142 z mi\u0142o\u015bci do sztuki i rzemios\u0142a artystycznego. To tutaj mieszka\u0144cy Warszawy w trakcie bezp\u0142atnych zaj\u0119\u0107 mog\u0105 spr\u00f3bowa\u0107 swoich si\u0142 podczas licznych warsztat\u00f3w tematycznych.\" \/>\n<meta property=\"og:url\" content=\"https:\/\/synergia.warszawa.pl\/artlab\/\" \/>\n<meta property=\"og:site_name\" content=\"ArtLab\" \/>\n<meta property=\"article:modified_time\" content=\"2026-04-27T13:19:37+00:00\" \/>\n<meta name=\"twitter:card\" content=\"summary_large_image\" \/>\n<script type=\"application\/ld+json\" class=\"yoast-schema-graph\">{\"@context\":\"https:\/\/schema.org\",\"@graph\":[{\"@type\":\"WebPage\",\"@id\":\"https:\/\/synergia.warszawa.pl\/artlab\/\",\"url\":\"https:\/\/synergia.warszawa.pl\/artlab\/\",\"name\":\"Strona g\u0142\u00f3wna - ArtLab\",\"isPartOf\":{\"@id\":\"https:\/\/synergia.warszawa.pl\/artlab\/#website\"},\"datePublished\":\"2024-09-30T13:38:50+00:00\",\"dateModified\":\"2026-04-27T13:19:37+00:00\",\"description\":\"ArtLab jest jedn\u0105 z pracowni Warszawskiego Laboratorium Innowacji Spo\u0142ecznych \\\"Synergia\\\", powsta\u0142 z mi\u0142o\u015bci do sztuki i rzemios\u0142a artystycznego. To tutaj mieszka\u0144cy Warszawy w trakcie bezp\u0142atnych zaj\u0119\u0107 mog\u0105 spr\u00f3bowa\u0107 swoich si\u0142 podczas licznych warsztat\u00f3w tematycznych.\",\"breadcrumb\":{\"@id\":\"https:\/\/synergia.warszawa.pl\/artlab\/#breadcrumb\"},\"inLanguage\":\"pl-PL\",\"potentialAction\":[{\"@type\":\"ReadAction\",\"target\":[\"https:\/\/synergia.warszawa.pl\/artlab\/\"]}]},{\"@type\":\"BreadcrumbList\",\"@id\":\"https:\/\/synergia.warszawa.pl\/artlab\/#breadcrumb\",\"itemListElement\":[{\"@type\":\"ListItem\",\"position\":1,\"name\":\"Strona g\u0142\u00f3wna\",\"item\":\"https:\/\/synergia.warszawa.pl\/artlab\/\"},{\"@type\":\"ListItem\",\"position\":2,\"name\":\"Strona g\u0142\u00f3wna\"}]},{\"@type\":\"WebSite\",\"@id\":\"https:\/\/synergia.warszawa.pl\/artlab\/#website\",\"url\":\"https:\/\/synergia.warszawa.pl\/artlab\/\",\"name\":\"ArtLab\",\"description\":\"\",\"potentialAction\":[{\"@type\":\"SearchAction\",\"target\":{\"@type\":\"EntryPoint\",\"urlTemplate\":\"https:\/\/synergia.warszawa.pl\/artlab\/?s={search_term_string}\"},\"query-input\":{\"@type\":\"PropertyValueSpecification\",\"valueRequired\":true,\"valueName\":\"search_term_string\"}}],\"inLanguage\":\"pl-PL\"}]}<\/script>\n<!-- \/ Yoast SEO plugin. -->","yoast_head_json":{"title":"Strona g\u0142\u00f3wna - ArtLab","description":"ArtLab jest jedn\u0105 z pracowni Warszawskiego Laboratorium Innowacji Spo\u0142ecznych \"Synergia\", powsta\u0142 z mi\u0142o\u015bci do sztuki i rzemios\u0142a artystycznego. To tutaj mieszka\u0144cy Warszawy w trakcie bezp\u0142atnych zaj\u0119\u0107 mog\u0105 spr\u00f3bowa\u0107 swoich si\u0142 podczas licznych warsztat\u00f3w tematycznych.","robots":{"index":"index","follow":"follow","max-snippet":"max-snippet:-1","max-image-preview":"max-image-preview:large","max-video-preview":"max-video-preview:-1"},"canonical":"https:\/\/synergia.warszawa.pl\/artlab\/","og_locale":"pl_PL","og_type":"article","og_title":"Strona g\u0142\u00f3wna - ArtLab","og_description":"ArtLab jest jedn\u0105 z pracowni Warszawskiego Laboratorium Innowacji Spo\u0142ecznych \"Synergia\", powsta\u0142 z mi\u0142o\u015bci do sztuki i rzemios\u0142a artystycznego. To tutaj mieszka\u0144cy Warszawy w trakcie bezp\u0142atnych zaj\u0119\u0107 mog\u0105 spr\u00f3bowa\u0107 swoich si\u0142 podczas licznych warsztat\u00f3w tematycznych.","og_url":"https:\/\/synergia.warszawa.pl\/artlab\/","og_site_name":"ArtLab","article_modified_time":"2026-04-27T13:19:37+00:00","twitter_card":"summary_large_image","schema":{"@context":"https:\/\/schema.org","@graph":[{"@type":"WebPage","@id":"https:\/\/synergia.warszawa.pl\/artlab\/","url":"https:\/\/synergia.warszawa.pl\/artlab\/","name":"Strona g\u0142\u00f3wna - ArtLab","isPartOf":{"@id":"https:\/\/synergia.warszawa.pl\/artlab\/#website"},"datePublished":"2024-09-30T13:38:50+00:00","dateModified":"2026-04-27T13:19:37+00:00","description":"ArtLab jest jedn\u0105 z pracowni Warszawskiego Laboratorium Innowacji Spo\u0142ecznych \"Synergia\", powsta\u0142 z mi\u0142o\u015bci do sztuki i rzemios\u0142a artystycznego. To tutaj mieszka\u0144cy Warszawy w trakcie bezp\u0142atnych zaj\u0119\u0107 mog\u0105 spr\u00f3bowa\u0107 swoich si\u0142 podczas licznych warsztat\u00f3w tematycznych.","breadcrumb":{"@id":"https:\/\/synergia.warszawa.pl\/artlab\/#breadcrumb"},"inLanguage":"pl-PL","potentialAction":[{"@type":"ReadAction","target":["https:\/\/synergia.warszawa.pl\/artlab\/"]}]},{"@type":"BreadcrumbList","@id":"https:\/\/synergia.warszawa.pl\/artlab\/#breadcrumb","itemListElement":[{"@type":"ListItem","position":1,"name":"Strona g\u0142\u00f3wna","item":"https:\/\/synergia.warszawa.pl\/artlab\/"},{"@type":"ListItem","position":2,"name":"Strona g\u0142\u00f3wna"}]},{"@type":"WebSite","@id":"https:\/\/synergia.warszawa.pl\/artlab\/#website","url":"https:\/\/synergia.warszawa.pl\/artlab\/","name":"ArtLab","description":"","potentialAction":[{"@type":"SearchAction","target":{"@type":"EntryPoint","urlTemplate":"https:\/\/synergia.warszawa.pl\/artlab\/?s={search_term_string}"},"query-input":{"@type":"PropertyValueSpecification","valueRequired":true,"valueName":"search_term_string"}}],"inLanguage":"pl-PL"}]}},"acf":[],"gutenberg_blocks":[{"blockName":"custom-styles","attrs":{"styles":""}},{"blockName":"acf\/page-header","attrs":{"name":"acf\/page-header","data":{"text_above_title":"Rozwijaj swoj\u0105 pasj\u0119!","_text_above_title":"field_6717aac3642f1","title_heading_text":"ArtLab - przestrze\u0144 dla Twojej kreatywno\u015bci","_title_heading_text":"field_638627ccced84","title_heading_level":"h1","_title_heading_level":"field_638627e7ced85","title_heading_variant":"default","_title_heading_variant":"field_63862847ced86","title_extra_classes":"","_title_extra_classes":"field_638628eeced88","title":"","_title":"field_6717aace642f2","image":1557,"_image":"field_6717aaf4642f4","height":"full","_height":"field_675203bb873c1"},"mode":"edit"},"innerBlocks":[],"innerHTML":"","innerContent":[]},{"blockName":"core\/group","attrs":{"layout":{"type":"constrained"}},"innerBlocks":[{"blockName":"acf\/section-with-label-heading-and-text-in-columns","attrs":{"name":"acf\/section-with-label-heading-and-text-in-columns","data":{"label":"ArtLab to...","_label":"field_674729ea9b951","heading_heading_text":"Miejsce, gdzie mieszka\u0144cy Warszawy mog\u0105 rozwija\u0107 swoje talenty artystyczne","_heading_heading_text":"field_638627ccced84","heading_heading_level":"h2","_heading_heading_level":"field_638627e7ced85","heading_heading_variant":"h3","_heading_heading_variant":"field_63862847ced86","heading_extra_classes":"","_heading_extra_classes":"field_638628eeced88","heading":"","_heading":"field_674729f19b952","left_column_content":"<span style=\"color: #616467;\">ArtLab powsta\u0142 z pasji do sztuki i rzemios\u0142a artystycznego. To tutaj mieszka\u0144cy Warszawy w trakcie bezp\u0142atnych zaj\u0119\u0107 mog\u0105 spr\u00f3bowa\u0107 swoich si\u0142 podczas licznych warsztat\u00f3w tematycznych. Pod okiem do\u015bwiadczonego instruktora dzieci oraz doro\u015bli mog\u0105 ulepi\u0107 swoj\u0105 pierwsz\u0105 ceramiczn\u0105 misk\u0119, wykona\u0107 linoryt, myde\u0142ko, nauczy\u0107 si\u0119 malowa\u0107 akwarelami, wyhaftowa\u0107 poduszk\u0119 lub zrobi\u0107 makramowy kwietnik.<\/span>","_left_column_content":"field_67472a0d9b954","right_column_content":"<span style=\"color: #616467;\">R\u00f3\u017cnorodno\u015b\u0107 zaj\u0119\u0107 daje mo\u017cliwo\u015b\u0107 odkrycia nowych technik oraz tw\u00f3rczego rozwoju. Nasz\u0105 pracowni\u0119 tworz\u0105 osoby, kt\u00f3rej swoje hobby zamieni\u0142y w prac\u0119 i pragn\u0105 dzieli\u0107 si\u0119 swoim do\u015bwiadczeniem z kolejnymi mi\u0142o\u015bnikami kreatywnego sp\u0119dzania czasu.<\/span>\r\n\r\n&nbsp;\r\n\r\n<span style=\"color: #616467;\">W ArtLabie mamy 12 stanowisk do pracy, piece do wypa\u0142u ceramiki oraz kreatywne zaplecze, kt\u00f3re daje mo\u017cliwo\u015b\u0107 tworzenia wspania\u0142ych prac. W pracowni panuje przyjazna atmosfera, kt\u00f3ra sprzyja stworzeniu swojego pierwszego ma\u0142ego dzie\u0142a sztuki lub kontynuowania przygody z pracami manualnymi.<\/span>","_right_column_content":"field_67472a2b9b956"},"mode":"edit"},"innerBlocks":[],"innerHTML":"","innerContent":[]}],"innerHTML":"\n<div id=\"about\" class=\"wp-block-group\"><\/div>\n","innerContent":["\n<div id=\"about\" class=\"wp-block-group\">",null,"<\/div>\n"]},{"blockName":"acf\/banner","attrs":{"name":"acf\/banner","data":{"banner_desktop":1457,"_banner_desktop":"field_6748269a89d30","banner_mobile":1460,"_banner_mobile":"field_674826aa89d31"},"mode":"edit"},"innerBlocks":[],"innerHTML":"","innerContent":[]},{"blockName":"core\/group","attrs":{"layout":{"type":"constrained"}},"innerBlocks":[{"blockName":"acf\/workshops","attrs":{"name":"acf\/workshops","data":{"workshops_0_thumbnail":1463,"_workshops_0_thumbnail":"field_6747300d4e0c5","workshops_0_name":"Ceramika","_workshops_0_name":"field_674730164e0c6","workshops_0_description":"Razem z nami odkryjesz postawy ceramiki i stworzysz sw\u00f3j kubek, miseczk\u0119 lub kwiatowy talerz. Wsp\u00f3lnie odkryjemy techniki, kt\u00f3re dadz\u0105 niepowtarzalny efekt oraz sprawi\u0105 du\u017co rado\u015bci. Do zobaczenia podczas wa\u0142kowania!","_workshops_0_description":"field_6747301d4e0c7","workshops_0_yt_video_id":"","_workshops_0_yt_video_id":"field_674d825e616b4","workshops_0_button_content_type":"text","_workshops_0_button_content_type":"field_66fbc79948baa","workshops_0_button_title":"","_workshops_0_button_title":"field_61d40397c2f0a","workshops_0_button_button_type":"link","_workshops_0_button_button_type":"field_63bbde3b8f0d0","workshops_0_button_url":"","_workshops_0_button_url":"field_61d4039bc2f0b","workshops_0_button_button_style":"primary","_workshops_0_button_button_style":"field_63872d045d0f0","workshops_0_button_target":"_self","_workshops_0_button_target":"field_66fbbc67d0cf1","workshops_0_button_button_extra_classes":"","_workshops_0_button_button_extra_classes":"field_642beab6a97de","workshops_0_button":"","_workshops_0_button":"field_674d9818596d5","workshops_1_thumbnail":1081,"_workshops_1_thumbnail":"field_6747300d4e0c5","workshops_1_name":"Grafika","_workshops_1_name":"field_674730164e0c6","workshops_1_description":"Czy wiecie co to jest linoryt? Do czego mo\u017ce si\u0119 przyda\u0107 lakier do w\u0142os\u00f3w? Jakie cuda mo\u017cna zrobi\u0107 za pomoc\u0105 d\u0142utka? W ArtLabie prze\u017cyjecie niezwyk\u0142\u0105 przygod\u0119 podczas, kt\u00f3rej odkryjecie sw\u00f3j ulubiony styl oraz b\u0119dziecie doskonali\u0107 warsztat pracy.","_workshops_1_description":"field_6747301d4e0c7","workshops_1_yt_video_id":"","_workshops_1_yt_video_id":"field_674d825e616b4","workshops_1_button_content_type":"text","_workshops_1_button_content_type":"field_66fbc79948baa","workshops_1_button_title":"","_workshops_1_button_title":"field_61d40397c2f0a","workshops_1_button_button_type":"link","_workshops_1_button_button_type":"field_63bbde3b8f0d0","workshops_1_button_url":"","_workshops_1_button_url":"field_61d4039bc2f0b","workshops_1_button_button_style":"primary","_workshops_1_button_button_style":"field_63872d045d0f0","workshops_1_button_target":"_self","_workshops_1_button_target":"field_66fbbc67d0cf1","workshops_1_button_button_extra_classes":"","_workshops_1_button_button_extra_classes":"field_642beab6a97de","workshops_1_button":"","_workshops_1_button":"field_674d9818596d5","workshops_2_thumbnail":1087,"_workshops_2_thumbnail":"field_6747300d4e0c5","workshops_2_name":"Myde\u0142ka","_workshops_2_name":"field_674730164e0c6","workshops_2_description":"Kolorowe, pachn\u0105ce lawend\u0105 i wype\u0142nione p\u0142atkami kwiat\u00f3w! Takie s\u0105 nasze domowe myde\u0142ka. Idealnie sprawdz\u0105 si\u0119 jako kolorowy dodatek do \u0142azienki lub pachn\u0105ca zawieszka do szafy. Do zrobienia myde\u0142ek u\u017cywamy specjalistycznych produkt\u00f3w mydlarskich.","_workshops_2_description":"field_6747301d4e0c7","workshops_2_yt_video_id":"","_workshops_2_yt_video_id":"field_674d825e616b4","workshops_2_button_content_type":"text","_workshops_2_button_content_type":"field_66fbc79948baa","workshops_2_button_title":"","_workshops_2_button_title":"field_61d40397c2f0a","workshops_2_button_button_type":"link","_workshops_2_button_button_type":"field_63bbde3b8f0d0","workshops_2_button_url":"","_workshops_2_button_url":"field_61d4039bc2f0b","workshops_2_button_button_style":"primary","_workshops_2_button_button_style":"field_63872d045d0f0","workshops_2_button_target":"_self","_workshops_2_button_target":"field_66fbbc67d0cf1","workshops_2_button_button_extra_classes":"","_workshops_2_button_button_extra_classes":"field_642beab6a97de","workshops_2_button":"","_workshops_2_button":"field_674d9818596d5","workshops_3_thumbnail":1088,"_workshops_3_thumbnail":"field_6747300d4e0c5","workshops_3_name":"\u015awiece sojowe","_workshops_3_name":"field_674730164e0c6","workshops_3_description":"Pachn\u0105ce lasem, kwiatami lub s\u0142odk\u0105 czekolad\u0105. \u015awiece mo\u017cna skomponowa\u0107 w\u00a0 eleganckim br\u0105zowym s\u0142oiczku lub przezroczystym, kt\u00f3ry podkre\u015bli barwiony wosk. Nastrojowa dekoracja domu b\u0119dzie cieszy\u0142a nie tylko oko ale r\u00f3wnie\u017c mo\u017ce stanowi\u0107 oryginalny prezent.","_workshops_3_description":"field_6747301d4e0c7","workshops_3_yt_video_id":"","_workshops_3_yt_video_id":"field_674d825e616b4","workshops_3_button_content_type":"text","_workshops_3_button_content_type":"field_66fbc79948baa","workshops_3_button_title":"","_workshops_3_button_title":"field_61d40397c2f0a","workshops_3_button_button_type":"link","_workshops_3_button_button_type":"field_63bbde3b8f0d0","workshops_3_button_url":"","_workshops_3_button_url":"field_61d4039bc2f0b","workshops_3_button_button_style":"primary","_workshops_3_button_button_style":"field_63872d045d0f0","workshops_3_button_target":"_self","_workshops_3_button_target":"field_66fbbc67d0cf1","workshops_3_button_button_extra_classes":"","_workshops_3_button_button_extra_classes":"field_642beab6a97de","workshops_3_button":"","_workshops_3_button":"field_674d9818596d5","workshops_4_thumbnail":1083,"_workshops_4_thumbnail":"field_6747300d4e0c5","workshops_4_name":"Kredki sojowe","_workshops_4_name":"field_674730164e0c6","workshops_4_description":"Chod\u017a pomaluj m\u00f3j \u015bwiat! Ale najpierw zr\u00f3b kredki \u015bwiecowe z wosku sojowego w wymarzonym przez siebie kolorze. Nasze kredki idealnie sprawdzaj\u0105 si\u0119 do malowania i kolorowania. Testowali\u015bmy!","_workshops_4_description":"field_6747301d4e0c7","workshops_4_yt_video_id":"","_workshops_4_yt_video_id":"field_674d825e616b4","workshops_4_button_content_type":"text","_workshops_4_button_content_type":"field_66fbc79948baa","workshops_4_button_title":"","_workshops_4_button_title":"field_61d40397c2f0a","workshops_4_button_button_type":"link","_workshops_4_button_button_type":"field_63bbde3b8f0d0","workshops_4_button_url":"","_workshops_4_button_url":"field_61d4039bc2f0b","workshops_4_button_button_style":"primary","_workshops_4_button_button_style":"field_63872d045d0f0","workshops_4_button_target":"_self","_workshops_4_button_target":"field_66fbbc67d0cf1","workshops_4_button_button_extra_classes":"","_workshops_4_button_button_extra_classes":"field_642beab6a97de","workshops_4_button":"","_workshops_4_button":"field_674d9818596d5","workshops_5_thumbnail":1086,"_workshops_5_thumbnail":"field_6747300d4e0c5","workshops_5_name":"Malowanie na tkaninie","_workshops_5_name":"field_674730164e0c6","workshops_5_description":"B\u0105d\u017amy Eco i no\u015bmy bawe\u0142niane torby na zakupy oraz organizery do plecaka lub torebki! Oczywi\u015bcie pi\u0119knie ozdobione. Do wykonania wymarzonego wzoru b\u0119dziemy u\u017cywa\u0107 specjalnych farb do tkanin. Po wykonaniu oraz wysuszeniu wzoru zostanie on zaprasowany dzi\u0119ki czemu stanie si\u0119 odporny na wod\u0119 oraz pranie.","_workshops_5_description":"field_6747301d4e0c7","workshops_5_yt_video_id":"","_workshops_5_yt_video_id":"field_674d825e616b4","workshops_5_button_content_type":"text","_workshops_5_button_content_type":"field_66fbc79948baa","workshops_5_button_title":"","_workshops_5_button_title":"field_61d40397c2f0a","workshops_5_button_button_type":"link","_workshops_5_button_button_type":"field_63bbde3b8f0d0","workshops_5_button_url":"","_workshops_5_button_url":"field_61d4039bc2f0b","workshops_5_button_button_style":"primary","_workshops_5_button_button_style":"field_63872d045d0f0","workshops_5_button_target":"_self","_workshops_5_button_target":"field_66fbbc67d0cf1","workshops_5_button_button_extra_classes":"","_workshops_5_button_button_extra_classes":"field_642beab6a97de","workshops_5_button":"","_workshops_5_button":"field_674d9818596d5","workshops_6_thumbnail":1085,"_workshops_6_thumbnail":"field_6747300d4e0c5","workshops_6_name":"Malarstwo","_workshops_6_name":"field_674730164e0c6","workshops_6_description":"P\u0119dzle i farby id\u0105 w ruch. Na nauk\u0119 malarstwa nigdy nie jest za p\u00f3\u017ano. Akwarele i akryle daj\u0105 szereg wspania\u0142ych mo\u017cliwo\u015bci artystycznych, kt\u00f3re powinien odkry\u0107 ka\u017cdy pocz\u0105tkuj\u0105cy artysta.","_workshops_6_description":"field_6747301d4e0c7","workshops_6_yt_video_id":"","_workshops_6_yt_video_id":"field_674d825e616b4","workshops_6_button_content_type":"text","_workshops_6_button_content_type":"field_66fbc79948baa","workshops_6_button_title":"","_workshops_6_button_title":"field_61d40397c2f0a","workshops_6_button_button_type":"link","_workshops_6_button_button_type":"field_63bbde3b8f0d0","workshops_6_button_url":"","_workshops_6_button_url":"field_61d4039bc2f0b","workshops_6_button_button_style":"primary","_workshops_6_button_button_style":"field_63872d045d0f0","workshops_6_button_target":"_self","_workshops_6_button_target":"field_66fbbc67d0cf1","workshops_6_button_button_extra_classes":"","_workshops_6_button_button_extra_classes":"field_642beab6a97de","workshops_6_button":"","_workshops_6_button":"field_674d9818596d5","workshops_7_thumbnail":1080,"_workshops_7_thumbnail":"field_6747300d4e0c5","workshops_7_name":"EBRU","_workshops_7_name":"field_674730164e0c6","workshops_7_description":"Ebru to tradycyjna turecka sztuka zdobienia, kt\u00f3ra polega na przeniesieniu na papier wzor\u00f3w tworzonych na wodzie. Do tworzenia malowide\u0142 u\u017cywamy specjalnych farb, grzebieni oraz patyczk\u00f3w.","_workshops_7_description":"field_6747301d4e0c7","workshops_7_yt_video_id":"","_workshops_7_yt_video_id":"field_674d825e616b4","workshops_7_button_content_type":"text","_workshops_7_button_content_type":"field_66fbc79948baa","workshops_7_button_title":"","_workshops_7_button_title":"field_61d40397c2f0a","workshops_7_button_button_type":"link","_workshops_7_button_button_type":"field_63bbde3b8f0d0","workshops_7_button_url":"","_workshops_7_button_url":"field_61d4039bc2f0b","workshops_7_button_button_style":"primary","_workshops_7_button_button_style":"field_63872d045d0f0","workshops_7_button_target":"_self","_workshops_7_button_target":"field_66fbbc67d0cf1","workshops_7_button_button_extra_classes":"","_workshops_7_button_button_extra_classes":"field_642beab6a97de","workshops_7_button":"","_workshops_7_button":"field_674d9818596d5","workshops_8_thumbnail":1089,"_workshops_8_thumbnail":"field_6747300d4e0c5","workshops_8_name":"Witra\u017c","_workshops_8_name":"field_674730164e0c6","workshops_8_description":"Podczas warsztat\u00f3w ka\u017cdy uczestnik namaluje specjalnymi farbami obrazek, kt\u00f3ry b\u0119dzie m\u00f3g\u0142 przenie\u015b\u0107 na dowoln\u0105 szklan\u0105 powierzchni\u0119. Dla uczestnik\u00f3w b\u0119d\u0105 czeka\u0142y szablony, kt\u00f3re pomog\u0105 w uzyskaniu efektownej pracy prosto z miejskiej galerii.","_workshops_8_description":"field_6747301d4e0c7","workshops_8_yt_video_id":"","_workshops_8_yt_video_id":"field_674d825e616b4","workshops_8_button_content_type":"text","_workshops_8_button_content_type":"field_66fbc79948baa","workshops_8_button_title":"","_workshops_8_button_title":"field_61d40397c2f0a","workshops_8_button_button_type":"link","_workshops_8_button_button_type":"field_63bbde3b8f0d0","workshops_8_button_url":"","_workshops_8_button_url":"field_61d4039bc2f0b","workshops_8_button_button_style":"primary","_workshops_8_button_button_style":"field_63872d045d0f0","workshops_8_button_target":"_self","_workshops_8_button_target":"field_66fbbc67d0cf1","workshops_8_button_button_extra_classes":"","_workshops_8_button_button_extra_classes":"field_642beab6a97de","workshops_8_button":"","_workshops_8_button":"field_674d9818596d5","workshops_9_thumbnail":1082,"_workshops_9_thumbnail":"field_6747300d4e0c5","workshops_9_name":"Haft i szycie","_workshops_9_name":"field_674730164e0c6","workshops_9_description":"Ig\u0142a, mulina i tamborek p\u00f3jd\u0105 w ruch! Razem z nami wkroczycie w \u015bwiat haftu i szycia. Podczas zaj\u0119\u0107 uczestnicy poznaj\u0105 podstawowe \u015bciegi hafciarskie, kt\u00f3re b\u0119d\u0105 mogli u\u017cy\u0107 do stworzenia w\u0142asnego obrazka na tamborku lub na przyniesionej rzeczy np. plecaku, d\u017cinsowej kurtce, materia\u0142owej torbie itp. Wsp\u00f3lnie stworzymy te\u017c filcowe zabawki i proste formy u\u017cytkowe. Zaawansowani b\u0119d\u0105 mogli spr\u00f3bowa\u0107 swoich si\u0142 w technice punchneedle.","_workshops_9_description":"field_6747301d4e0c7","workshops_9_yt_video_id":"","_workshops_9_yt_video_id":"field_674d825e616b4","workshops_9_button_content_type":"text","_workshops_9_button_content_type":"field_66fbc79948baa","workshops_9_button_title":"","_workshops_9_button_title":"field_61d40397c2f0a","workshops_9_button_button_type":"link","_workshops_9_button_button_type":"field_63bbde3b8f0d0","workshops_9_button_url":"","_workshops_9_button_url":"field_61d4039bc2f0b","workshops_9_button_button_style":"primary","_workshops_9_button_button_style":"field_63872d045d0f0","workshops_9_button_target":"_self","_workshops_9_button_target":"field_66fbbc67d0cf1","workshops_9_button_button_extra_classes":"","_workshops_9_button_button_extra_classes":"field_642beab6a97de","workshops_9_button":"","_workshops_9_button":"field_674d9818596d5","workshops_10_thumbnail":1084,"_workshops_10_thumbnail":"field_6747300d4e0c5","workshops_10_name":"Makrama","_workshops_10_name":"field_674730164e0c6","workshops_10_description":"Ta niezwyk\u0142a technika wi\u0105zania sznurk\u00f3w przysz\u0142a do nas ze staro\u017cytnej Asyrii i Babilonii. Podczas warsztat\u00f3w wsp\u00f3lnie wykonamy wybrane dekoracje takie jak makramy \u015bcienne, \u0142apacze sn\u00f3w, laleczki, breloczki czy kwietniki.","_workshops_10_description":"field_6747301d4e0c7","workshops_10_yt_video_id":"","_workshops_10_yt_video_id":"field_674d825e616b4","workshops_10_button_content_type":"text","_workshops_10_button_content_type":"field_66fbc79948baa","workshops_10_button_title":"","_workshops_10_button_title":"field_61d40397c2f0a","workshops_10_button_button_type":"link","_workshops_10_button_button_type":"field_63bbde3b8f0d0","workshops_10_button_url":"","_workshops_10_button_url":"field_61d4039bc2f0b","workshops_10_button_button_style":"primary","_workshops_10_button_button_style":"field_63872d045d0f0","workshops_10_button_target":"_self","_workshops_10_button_target":"field_66fbbc67d0cf1","workshops_10_button_button_extra_classes":"","_workshops_10_button_button_extra_classes":"field_642beab6a97de","workshops_10_button":"","_workshops_10_button":"field_674d9818596d5","workshops_11_thumbnail":1079,"_workshops_11_thumbnail":"field_6747300d4e0c5","workshops_11_name":"DIY - Zr\u00f3b to sam!","_workshops_11_name":"field_674730164e0c6","workshops_11_description":"Do czego mo\u017ce si\u0119 przyda\u0107 garstka kapsli albo stary s\u0142oik? Wsp\u00f3lnie stworzymy kolorowe \u0142apacze sn\u00f3w, miasteczko z drewnianymi domkami, papierowe balony oraz instrumenty, kt\u00f3re przenios\u0105 nas w \u015bwiat muzyki! Z kawa\u0142ka drewna, kolorowych farb i wst\u0105\u017cek mo\u017ce powsta\u0107 niezwyk\u0142a dekoracja \u015bcienna albo choinkowa ozdoba. Przekonacie si\u0119 sami!","_workshops_11_description":"field_6747301d4e0c7","workshops_11_yt_video_id":"","_workshops_11_yt_video_id":"field_674d825e616b4","workshops_11_button_content_type":"text","_workshops_11_button_content_type":"field_66fbc79948baa","workshops_11_button_title":"","_workshops_11_button_title":"field_61d40397c2f0a","workshops_11_button_button_type":"link","_workshops_11_button_button_type":"field_63bbde3b8f0d0","workshops_11_button_url":"","_workshops_11_button_url":"field_61d4039bc2f0b","workshops_11_button_button_style":"primary","_workshops_11_button_button_style":"field_63872d045d0f0","workshops_11_button_target":"_self","_workshops_11_button_target":"field_66fbbc67d0cf1","workshops_11_button_button_extra_classes":"","_workshops_11_button_button_extra_classes":"field_642beab6a97de","workshops_11_button":"","_workshops_11_button":"field_674d9818596d5","workshops":12,"_workshops":"field_67472ff44e0c4","columns_count":"three","_columns_count":"field_6747303b4e0ca"},"mode":"edit"},"innerBlocks":[],"innerHTML":"","innerContent":[]}],"innerHTML":"\n<div id=\"workshops\" class=\"wp-block-group\"><\/div>\n","innerContent":["\n<div id=\"workshops\" class=\"wp-block-group\">",null,"<\/div>\n"]},{"blockName":"acf\/banner","attrs":{"name":"acf\/banner","data":{"banner_desktop":1113,"_banner_desktop":"field_6748269a89d30","banner_mobile":1134,"_banner_mobile":"field_674826aa89d31"},"mode":"edit"},"innerBlocks":[],"innerHTML":"","innerContent":[]},{"blockName":"core\/group","attrs":{"layout":{"type":"constrained"}},"innerBlocks":[{"blockName":"acf\/gallery","attrs":{"name":"acf\/gallery","data":{"gallery":["1107","1108","1109","1110","1482","1481","1480","1479","1478","1477","1476","1475","1474","1483","1473"],"_gallery":"field_61d441f6eda27","button_content_type":"text","_button_content_type":"field_66fbc79948baa","button_title":"Przejd\u017a do galerii","_button_title":"field_61d40397c2f0a","button_button_type":"link","_button_button_type":"field_63bbde3b8f0d0","button_url":"https:\/\/synergia.warszawa.pl\/artlab\/galeria-zdjec\/","_button_url":"field_61d4039bc2f0b","button_button_style":"secondary","_button_button_style":"field_63872d045d0f0","button_target":"_self","_button_target":"field_66fbbc67d0cf1","button_button_extra_classes":"","_button_button_extra_classes":"field_642beab6a97de","button":"","_button":"field_6729ee2661f91"},"mode":"edit"},"innerBlocks":[],"innerHTML":"","innerContent":[]}],"innerHTML":"\n<div id=\"gallery\" class=\"wp-block-group\"><\/div>\n","innerContent":["\n<div id=\"gallery\" class=\"wp-block-group\">",null,"<\/div>\n"]},{"blockName":"core\/group","attrs":{"layout":{"type":"constrained"}},"innerBlocks":[{"blockName":"acf\/team","attrs":{"name":"acf\/team","data":{"coordinator_photo":1659,"_coordinator_photo":"field_67484188e5ab3","coordinator_fullname":"Katarzyna","_coordinator_fullname":"field_67484191e5ab4","coordinator_bio":"Koordynator ArtLabu, tworzy grafik zaj\u0119\u0107 oraz odpisuje na wszystkie pytania i wiadomo\u015bci. Prowadzi zaj\u0119cia z: ceramiki, grafiki.","_coordinator_bio":"field_6748419de5ab5","coordinator_phone":"","_coordinator_phone":"field_674841b8e5ab7","coordinator_email":"artlab@synergia.warszawa.pl","_coordinator_email":"field_674841b0e5ab6","coordinator":"","_coordinator":"field_6748417fe5ab2","instructors_0_photo":1656,"_instructors_0_photo":"field_67484e5f28afa","instructors_0_name":"Marta","_instructors_0_name":"field_67484e6628afb","instructors_0_role":"Instruktorka artystyczna, prowadzi zaj\u0119cia dla dzieci i doros\u0142ych z:","_instructors_0_role":"field_67484e6c28afc","instructors_0_departments":"malowania, odlew\u00f3w gipsowych i r\u0119kodzie\u0142a.","_instructors_0_departments":"field_67484e7b28afd","instructors_1_photo":1657,"_instructors_1_photo":"field_67484e5f28afa","instructors_1_name":"Antonina","_instructors_1_name":"field_67484e6628afb","instructors_1_role":"Instruktorka artystyczna, prowadzi zaj\u0119cia dla dzieci i doros\u0142ych z:","_instructors_1_role":"field_67484e6c28afc","instructors_1_departments":"ceramiki.","_instructors_1_departments":"field_67484e7b28afd","instructors_2_photo":1576,"_instructors_2_photo":"field_67484e5f28afa","instructors_2_name":"Paula ","_instructors_2_name":"field_67484e6628afb","instructors_2_role":"Instruktorka artystyczna, prowadzi zaj\u0119cia dla dzieci i doros\u0142ych z:","_instructors_2_role":"field_67484e6c28afc","instructors_2_departments":"grafiki, odlewania \u015bwiec sojowych, mydlarskie.","_instructors_2_departments":"field_67484e7b28afd","instructors_3_photo":1662,"_instructors_3_photo":"field_67484e5f28afa","instructors_3_name":"Magdalena","_instructors_3_name":"field_67484e6628afb","instructors_3_role":"Instruktorka artystyczna, prowadzi zaj\u0119cia dla dzieci i doros\u0142ych z:","_instructors_3_role":"field_67484e6c28afc","instructors_3_departments":"ceramiki.","_instructors_3_departments":"field_67484e7b28afd","instructors":4,"_instructors":"field_67484e4628af9"},"mode":"edit"},"innerBlocks":[],"innerHTML":"","innerContent":[]}],"innerHTML":"\n<div id=\"instructors\" class=\"wp-block-group\"><\/div>\n","innerContent":["\n<div id=\"instructors\" class=\"wp-block-group\">",null,"<\/div>\n"]},{"blockName":"core\/group","attrs":{"layout":{"type":"constrained"}},"innerBlocks":[{"blockName":"acf\/section-with-mixed-content","attrs":{"name":"acf\/section-with-mixed-content","data":{"left_column_label":"Nie zwlekaj","_left_column_label":"field_6748cb49b5422","left_column_heading_heading_text":"Zapisy na warsztaty","_left_column_heading_heading_text":"field_638627ccced84","left_column_heading_heading_level":"h2","_left_column_heading_heading_level":"field_638627e7ced85","left_column_heading_heading_variant":"default","_left_column_heading_heading_variant":"field_63862847ced86","left_column_heading_extra_classes":"","_left_column_heading_extra_classes":"field_638628eeced88","left_column_heading":"","_left_column_heading":"field_6748cb51b5423","left_column_content":"<p data-pm-slice=\"1 1 [&quot;orderedList&quot;,{&quot;order&quot;:1},&quot;listItem&quot;,null]\">Grupy zorganizowane i osoby indywidualne, kt\u00f3re chc\u0105 uczestniczy\u0107 w warsztatach obowi\u0105zuj\u0105 zapisy. Zapraszamy do zapoznania si\u0119 z nasz\u0105 szerok\u0105 ofert\u0105 zaj\u0119\u0107 we wszystkich FabLabach.<\/p>\r\n<p data-pm-slice=\"1 1 [&quot;orderedList&quot;,{&quot;order&quot;:1},&quot;listItem&quot;,null]\"><strong>ZAJ\u0118CIA GRUPOWE\r\n<\/strong><\/p>\r\n\r\n<ul>\r\n \t<li data-pm-slice=\"1 1 [&quot;orderedList&quot;,{&quot;order&quot;:1},&quot;listItem&quot;,null]\"><strong>W zale\u017cno\u015bci od wybranych warsztat\u00f3w oferujemy trzy rodzaje zaj\u0119\u0107 dla grup zorganizowanych: <\/strong>\r\n\r\n- grupy od 6 do 15 os\u00f3b,\r\n\r\n- grupy od 6 do 24 os\u00f3b,\r\n\r\n- grupy od 20 do 30 os\u00f3b.<\/li>\r\n \t<li data-pm-slice=\"1 1 [&quot;orderedList&quot;,{&quot;order&quot;:1},&quot;listItem&quot;,null]\"><strong>Limit zapis\u00f3w dla 1 grupy = 3 warsztaty miesi\u0119cznie.<\/strong><\/li>\r\n \t<li data-pm-slice=\"1 1 [&quot;orderedList&quot;,{&quot;order&quot;:1},&quot;listItem&quot;,null]\">Rezygnacji z warsztat\u00f3w mo\u017cna dokona\u0107 poprzez link wys\u0142any razem z informacj\u0105 potwierdzaj\u0105c\u0105 zapisanie si\u0119 na warsztaty do<strong>\u00a048h przed zaj\u0119ciami.<\/strong>\u00a0Nie odwo\u0142anie warsztat\u00f3w lub\u00a0nie pojawienie si\u0119 na\u00a0zaj\u0119ciach mo\u017ce skutkowa\u0107 wykre\u015bleniem z\u00a0innych zapisanych zaj\u0119\u0107<\/li>\r\n<\/ul>\r\n<p data-pm-slice=\"1 1 [&quot;orderedList&quot;,{&quot;order&quot;:1},&quot;listItem&quot;,null]\"><strong>ZAJ\u0118CIA DLA OS\u00d3B INDYWIDUALNYCH<\/strong><\/p>\r\n\r\n<ul>\r\n \t<li data-pm-slice=\"1 1 [&quot;orderedList&quot;,{&quot;order&quot;:1},&quot;listItem&quot;,null]\">Osoby do 18 roku \u017cycia uczestnicz\u0105 w warsztatach wraz z opiekunami \/ nale\u017cy dokona\u0107 rezerwacji np. <strong>2 bilet\u00f3w = 1 dla\u00a0dziecka + 1 dla\u00a0opiekuna.<\/strong><\/li>\r\n \t<li data-pm-slice=\"1 1 [&quot;orderedList&quot;,{&quot;order&quot;:1},&quot;listItem&quot;,null]\"><strong>Zapisy na warsztaty pojawiaj\u0105 si\u0119 na 1-3 dni przed ich rozpocz\u0119ciem.<\/strong><\/li>\r\n \t<li data-pm-slice=\"1 1 [&quot;orderedList&quot;,{&quot;order&quot;:1},&quot;listItem&quot;,null]\">Sp\u00f3\u017anienie powy\u017cej <strong>5 minut<\/strong> jest traktowane jako nieobecno\u015b\u0107.<\/li>\r\n \t<li data-pm-slice=\"1 1 [&quot;orderedList&quot;,{&quot;order&quot;:1},&quot;listItem&quot;,null]\">Rezygnacji z warsztat\u00f3w mo\u017cna dokona\u0107 poprzez link wys\u0142any razem z informacj\u0105 potwierdzaj\u0105c\u0105 zapisanie si\u0119 na warsztaty.<\/li>\r\n<\/ul>\r\n<span style=\"color: #cf1f13;\"><strong>Bardzo prosimy o\u00a0przemy\u015blane rezerwacje.<\/strong><\/span>\r\n<p data-pm-slice=\"1 1 [&quot;orderedList&quot;,{&quot;order&quot;:1},&quot;listItem&quot;,null]\"><\/p>","_left_column_content":"field_6748cb63b5424","left_column_button_content_type":"text","_left_column_button_content_type":"field_66fbc79948baa","left_column_button_title":"Przejd\u017a do zapis\u00f3w","_left_column_button_title":"field_61d40397c2f0a","left_column_button_button_type":"link","_left_column_button_button_type":"field_63bbde3b8f0d0","left_column_button_url":"https:\/\/synergia.warszawa.pl\/zapisy\/start.php","_left_column_button_url":"field_61d4039bc2f0b","left_column_button_button_style":"primary","_left_column_button_button_style":"field_63872d045d0f0","left_column_button_target":"_blank","_left_column_button_target":"field_66fbbc67d0cf1","left_column_button_button_extra_classes":"","_left_column_button_button_extra_classes":"field_642beab6a97de","left_column_button":"","_left_column_button":"field_6748cb76b5425","left_column":"","_left_column":"field_6748cab8a208d","right_column_content_type":"image","_right_column_content_type":"field_6748cbbf19c1b","right_column_image":1466,"_right_column_image":"field_6748cbf419c1d","right_column_phone":"","_right_column_phone":"field_6749b52fe1435","right_column":"","_right_column":"field_6748cacba208f"},"mode":"edit"},"innerBlocks":[],"innerHTML":"","innerContent":[]}],"innerHTML":"\n<div id=\"registration\" class=\"wp-block-group\"><\/div>\n","innerContent":["\n<div id=\"registration\" class=\"wp-block-group\">",null,"<\/div>\n"]},{"blockName":"acf\/faq","attrs":{"name":"acf\/faq","data":{"faqs_0_question":"Ile kosztuj\u0105 zaj\u0119cia?","_faqs_0_question":"field_674996b425364","faqs_0_answer":"Jeste\u015bmy instytucj\u0105 miejsk\u0105 i zaj\u0119cia dla dzieci odbywaj\u0105 si\u0119 u nas nieodp\u0142atnie. Przestrze\u0144 pracowni oraz podstawowe elektronarz\u0119dzia dost\u0119pne s\u0105 dla odwiedzaj\u0105cych.","_faqs_0_answer":"field_674996c325365","faqs_1_question":"Czy musz\u0119 posiada\u0107 w\u0142asne materia\u0142y?","_faqs_1_question":"field_674996b425364","faqs_1_answer":"Dzieci podczas wizyty w pracowni otrzymuj\u0105 bezp\u0142atne materia\u0142y do wykonywania projekt\u00f3w podczas warsztat\u00f3w.","_faqs_1_answer":"field_674996c325365","faqs_2_question":"Czy dziecko mo\u017ce zabra\u0107 swoj\u0105 prac\u0119 do\u00a0domu?","_faqs_2_question":"field_674996b425364","faqs_2_answer":"Oczywi\u015bcie! Mamy nadziej\u0119, \u017ce b\u0119dzie dumnie prezentowa\u0142a si\u0119 w\u015br\u00f3d innych arcydzie\u0142 oraz b\u0119dzie wspania\u0142\u0105 pami\u0105tk\u0105 na lata.","_faqs_2_answer":"field_674996c325365","faqs_3_question":"Gdzie mie\u015bci si\u0119 ArtLab?","_faqs_3_question":"field_674996b425364","faqs_3_answer":"Od maja 2026 roku pracownia mie\u015bci si\u0119 przy ul. Markowskiej 16 w Warszawie w siedzibie Warszawskiego Laboratorium Innowacji Spo\u0142ecznych Synergia. ArtLab znajduje si\u0119 na parterze.","_faqs_3_answer":"field_674996c325365","faqs_4_question":"Co znajduje\u00a0si\u0119 w\u00a0pobli\u017cu ArtLabu?","_faqs_4_question":"field_674996b425364","faqs_4_answer":"Zach\u0119camy do skorzystania z placu zabaw, kt\u00f3ry znajduje si\u0119 po drugiej stronie ulicy nieopodal Centrum Praskiego Koneser.","_faqs_4_answer":"field_674996c325365","faqs":5,"_faqs":"field_6749969d25363"},"mode":"edit"},"innerBlocks":[],"innerHTML":"","innerContent":[]},{"blockName":"acf\/logotypes","attrs":{"name":"acf\/logotypes","data":{"heading_heading_text":"Zapraszamy do zapoznania si\u0119 z bezp\u0142atnymi warsztatami w pozosta\u0142ych pracowniach:","_heading_heading_text":"field_638627ccced84","heading_heading_level":"h2","_heading_heading_level":"field_638627e7ced85","heading_heading_variant":"h4","_heading_heading_variant":"field_63862847ced86","heading_extra_classes":"","_heading_extra_classes":"field_638628eeced88","heading":"","_heading":"field_67498036c7450","logos_0_logo":1208,"_logos_0_logo":"field_67498060c7452","logos_0_url":"https:\/\/synergia.warszawa.pl\/wbijaj","_logos_0_url":"field_67498068c7453","logos_0_name":"FabLab wbijaj","_logos_0_name":"field_674983cae6bbf","logos_1_logo":1207,"_logos_1_logo":"field_67498060c7452","logos_1_url":"https:\/\/synergia.warszawa.pl\/pobite-gary\/","_logos_1_url":"field_67498068c7453","logos_1_name":"FabLab Pobite Gary","_logos_1_name":"field_674983cae6bbf","logos_2_logo":1206,"_logos_2_logo":"field_67498060c7452","logos_2_url":"https:\/\/synergia.warszawa.pl\/kamera-akcja\/","_logos_2_url":"field_67498068c7453","logos_2_name":"FabLab Kamera Akcja","_logos_2_name":"field_674983cae6bbf","logos_3_logo":1205,"_logos_3_logo":"field_67498060c7452","logos_3_url":"https:\/\/synergia.warszawa.pl\/czacha-dymii\/","_logos_3_url":"field_67498068c7453","logos_3_name":"FabLab Czacha dymi","_logos_3_name":"field_674983cae6bbf","logos_4_logo":1204,"_logos_4_logo":"field_67498060c7452","logos_4_url":"https:\/\/synergia.warszawa.pl\/cooklab\/","_logos_4_url":"field_67498068c7453","logos_4_name":"CookLab","_logos_4_name":"field_674983cae6bbf","logos":5,"_logos":"field_67498049c7451"},"mode":"edit"},"innerBlocks":[],"innerHTML":"","innerContent":[]},{"blockName":"acf\/section-with-heading-text-and-files","attrs":{"name":"acf\/section-with-heading-text-and-files","data":{"heading_heading_text":"Zasady pracy","_heading_heading_text":"field_638627ccced84","heading_heading_level":"h2","_heading_heading_level":"field_638627e7ced85","heading_heading_variant":"h4","_heading_heading_variant":"field_63862847ced86","heading_extra_classes":"","_heading_extra_classes":"field_638628eeced88","heading":"","_heading":"field_674989ea05456","text":"Na wszystkie zaj\u0119cia obowi\u0105zuj\u0105 zapisy (informacje poni\u017cej).\r\n\r\nOsoby, kt\u00f3re chc\u0105 nas odwiedzi\u0107 prosimy o zapoznanie si\u0119 z zasadami pracy.\r\n\r\nJeste\u015bmy instytucj\u0105 miejsk\u0105 i zaj\u0119cia odbywaj\u0105 si\u0119 u nas <strong>nieodp\u0142atnie<\/strong>.\r\n\r\nPracownia jest przystosowana do pracy z dzie\u0107mi oraz do os\u00f3b z niepe\u0142nosprawno\u015bciami.","_text":"field_67498a0205457","files_0_name":"ArtLab Regulamin 2026","_files_0_name":"field_67498a280545a","files_0_file":1650,"_files_0_file":"field_67498a310545b","files":1,"_files":"field_67498a1705459"},"mode":"edit"},"innerBlocks":[],"innerHTML":"","innerContent":[]},{"blockName":"core\/group","attrs":{"layout":{"type":"constrained"}},"innerBlocks":[{"blockName":"acf\/section-with-mixed-content","attrs":{"name":"acf\/section-with-mixed-content","data":{"left_column_label":"Kontakt","_left_column_label":"field_6748cb49b5422","left_column_heading_heading_text":"Zapraszamy do ArtLabu","_left_column_heading_heading_text":"field_638627ccced84","left_column_heading_heading_level":"h2","_left_column_heading_heading_level":"field_638627e7ced85","left_column_heading_heading_variant":"default","_left_column_heading_heading_variant":"field_63862847ced86","left_column_heading_extra_classes":"","_left_column_heading_extra_classes":"field_638628eeced88","left_column_heading":"","_left_column_heading":"field_6748cb51b5423","left_column_content":"W razie pyta\u0144 czekamy na wiadomo\u015bci mailowe \u2013 <a href=\"mailto:artlab@synergia.warszawa.pl\">artlab@synergia.warszawa.pl<\/a>\r\n\r\n<strong>Na wszystkie zaj\u0119cia obowi\u0105zuj\u0105 zapisy.<\/strong>\r\n\r\n<strong><img class=\"alignnone wp-image-1606\" src=\"https:\/\/synergia.warszawa.pl\/artlab\/wp-content\/uploads\/2025\/03\/Warszawa-znak-RGB-instytucja_wsparcia_spolecznego-kolorowy-e1741778565923-300x209.png\" alt=\"\" width=\"225\" height=\"157\" \/><\/strong>","_left_column_content":"field_6748cb63b5424","left_column_button_content_type":"text","_left_column_button_content_type":"field_66fbc79948baa","left_column_button_title":"Zobacz jak trafi\u0107","_left_column_button_title":"field_61d40397c2f0a","left_column_button_button_type":"link","_left_column_button_button_type":"field_63bbde3b8f0d0","left_column_button_url":"https:\/\/www.google.com\/maps\/dir\/\/Stara+4,+00-231+Warszawa\/@52.2529521,21.0083601,17z","_left_column_button_url":"field_61d4039bc2f0b","left_column_button_button_style":"map","_left_column_button_button_style":"field_63872d045d0f0","left_column_button_target":"_blank","_left_column_button_target":"field_66fbbc67d0cf1","left_column_button_button_extra_classes":"","_left_column_button_button_extra_classes":"field_642beab6a97de","left_column_button":"","_left_column_button":"field_6748cb76b5425","left_column":"","_left_column":"field_6748cab8a208d","right_column_content_type":"contact","_right_column_content_type":"field_6748cbbf19c1b","right_column_phone":"","_right_column_phone":"field_6749b52fe1435","right_column_email":"artlab@synergia.warszawa.pl","_right_column_email":"field_674979173174c","right_column_address":"ul. Markowska 16\r\n03-742 Warszawa","_right_column_address":"field_674979253174d","right_column_info":"Od maja 2026 roku pracownia mie\u015bci si\u0119 przy ul. Markowskiej 16 w Warszawie w siedzibie Warszawskiego Laboratorium Innowacji Spo\u0142ecznych Synergia. ArtLab znajduje si\u0119 na parterze.","_right_column_info":"field_674979423174e","right_column":"","_right_column":"field_6748cacba208f"},"mode":"edit"},"innerBlocks":[],"innerHTML":"","innerContent":[]}],"innerHTML":"\n<div id=\"contact\" class=\"wp-block-group\"><\/div>\n","innerContent":["\n<div id=\"contact\" class=\"wp-block-group\">",null,"<\/div>\n"]}],"meta_data":false,"_links":{"self":[{"href":"https:\/\/synergia.warszawa.pl\/artlab\/index.php\/wp-json\/wp\/v2\/pages\/5","targetHints":{"allow":["GET"]}}],"collection":[{"href":"https:\/\/synergia.warszawa.pl\/artlab\/index.php\/wp-json\/wp\/v2\/pages"}],"about":[{"href":"https:\/\/synergia.warszawa.pl\/artlab\/index.php\/wp-json\/wp\/v2\/types\/page"}],"author":[{"embeddable":true,"href":"https:\/\/synergia.warszawa.pl\/artlab\/index.php\/wp-json\/wp\/v2\/users\/1"}],"replies":[{"embeddable":true,"href":"https:\/\/synergia.warszawa.pl\/artlab\/index.php\/wp-json\/wp\/v2\/comments?post=5"}],"version-history":[{"count":63,"href":"https:\/\/synergia.warszawa.pl\/artlab\/index.php\/wp-json\/wp\/v2\/pages\/5\/revisions"}],"predecessor-version":[{"id":1664,"href":"https:\/\/synergia.warszawa.pl\/artlab\/index.php\/wp-json\/wp\/v2\/pages\/5\/revisions\/1664"}],"wp:attachment":[{"href":"https:\/\/synergia.warszawa.pl\/artlab\/index.php\/wp-json\/wp\/v2\/media?parent=5"}],"curies":[{"name":"wp","href":"https:\/\/api.w.org\/{rel}","templated":true}]}}